{"id":19782,"date":"2025-07-22T14:47:48","date_gmt":"2025-07-22T12:47:48","guid":{"rendered":"https:\/\/tourisme-en-champagne.com\/rundreise-durch-die-cote-des-blancs\/"},"modified":"2026-08-20T23:36:27","modified_gmt":"2026-08-20T21:36:27","slug":"rundreise-durch-die-cote-des-blancs","status":"publish","type":"page","link":"https:\/\/tourisme-en-champagne.com\/de\/alles-ueber-champagner\/touristische-route-der-champagne\/rundreise-durch-die-cote-des-blancs\/","title":{"rendered":"Rundreise durch die C\u00f4te des Blancs"},"content":{"rendered":"\n<section class=\"wp-block-group alignfull pattern-text-60-parenthese-media-40 has-global-padding is-layout-constrained wp-block-group-is-layout-constrained\">\n<div class=\"wp-block-columns is-layout-flex wp-container-core-columns-is-layout-fdcf44e1 wp-block-columns-is-layout-flex\">\n<div class=\"wp-block-column col-content is-layout-flow wp-block-column-is-layout-flow\" style=\"flex-basis:60%\">\n<h3 class=\"wp-block-heading has-accent-1-color has-text-color has-link-color wp-elements-9137d02745fc1738c922e8d3df6f87d7\">TOURISTISCHE ROUTE DURCH DEN CHAMPAGNER<br\/>RUNDREISE AB EPERNAY<\/h3>\n\n\n\n<p class=\"wp-block-paragraph\">Votre parcours commence \u00e0\u00a0<strong>Epernay<\/strong>, Capitale du Champagne. Avant de prendre la route, prenez le temps de d\u00e9couvrir la ville et ses points de vue embl\u00e9matiques. Depuis le\u00a0<strong>Mont Bernon<\/strong>, v\u00e9ritable belv\u00e9d\u00e8re naturel, profitez d\u2019un panorama d\u00e9gag\u00e9 sur \u00c9pernay, la Vall\u00e9e de la Marne et les\u00a0prestigieux\u00a0<strong><a href=\"https:\/\/tourisme-en-champagne.com\/activite\/coteaux-maisons-et-caves-de-champagne\/\" data-type=\"activite\" data-id=\"8005\">coteaux<\/a>\u00a0<\/strong>du vignoble champenois. Poursuivez la d\u00e9couverte le long de la mythique\u00a0<a href=\"https:\/\/tourisme-en-champagne.com\/activite\/avenue-de-champagne\/\" data-type=\"activite\" data-id=\"7855\"><strong>Avenue de Champagne<\/strong><\/a>, inscrite au\u00a0Patrimoine mondial de l\u2019UNESCO. De quoi avoir un bel aper\u00e7u du p\u00e9riple qui vous attend\u00a0!<\/p>\n\n\n\n<div class=\"wp-block-buttons is-layout-flex wp-block-buttons-is-layout-flex\">\n<div class=\"wp-block-button\"><a class=\"wp-block-button__link wp-element-button\" href=\"https:\/\/www.cirkwi.com\/fr\/circuit\/59597-route-touristique-du-champagne-cote-des-blancs\" target=\"_blank\" rel=\"noopener\">Siehe de route<\/a><\/div>\n\n\n\n<div class=\"wp-block-button\"><a class=\"wp-block-button__link wp-element-button\" href=\"https:\/\/cdt51.media.tourinsoft.eu\/upload\/2326-route-du-champagne-autour-de-la-cote-des-blancs-oger.mp3\" target=\"_blank\" rel=\"noreferrer noopener\">Audio Tour<\/a><\/div>\n<\/div>\n<\/div>\n\n\n\n<div class=\"wp-block-column col-media is-layout-flow wp-block-column-is-layout-flow\" style=\"flex-basis:40%\">\n<figure class=\"wp-block-embed is-type-video is-provider-youtube wp-block-embed-youtube wp-embed-aspect-4-3 wp-has-aspect-ratio\"><div class=\"wp-block-embed__wrapper\">\n<iframe loading=\"lazy\" title=\"Vivez l&#039;exp\u00e9rience Epernay\" width=\"500\" height=\"375\" src=\"https:\/\/www.youtube.com\/embed\/qr9zU-PiViA?feature=oembed\" frameborder=\"0\" allow=\"accelerometer; autoplay; clipboard-write; encrypted-media; gyroscope; picture-in-picture; web-share\" referrerpolicy=\"strict-origin-when-cross-origin\" allowfullscreen><\/iframe>\n<\/div><\/figure>\n<\/div>\n<\/div>\n<\/section>\n\n<section class=\"wp-block-group alignfull pattern-text has-global-padding is-content-justification-center is-layout-constrained wp-block-group-is-layout-constrained\">\n<div class=\"wp-block-columns is-layout-flex wp-container-core-columns-is-layout-fdcf44e1 wp-block-columns-is-layout-flex\">\n<div class=\"wp-block-column is-layout-flow wp-block-column-is-layout-flow\">\n<p class=\"has-text-align-left wp-block-paragraph\">Une fois en voiture, vous allez contourner le Mont Bernon par\u00a0<a href=\"https:\/\/tourisme-en-champagne.com\/activite\/jardin-de-vignes-de-chouilly\/\" data-type=\"activite\" data-id=\"8050\"><strong>Chouilly<\/strong><\/a>, avant de redescendre sur\u00a0<a href=\"https:\/\/tourisme-en-champagne.com\/activite\/chateau-de-pierry\/\" data-type=\"activite\" data-id=\"7015\"><strong>Pierry<\/strong><\/a>, remarquable pour son ch\u00e2teau et son ensemble de demeures du XVIIIe, puis\u00a0<a href=\"https:\/\/tourisme-en-champagne.com\/activite\/loge-de-vignes-loge-pinard\/\" data-type=\"activite\" data-id=\"8018\"><strong>Moussy<\/strong><\/a>.<\/p>\n\n\n\n<p class=\"wp-block-paragraph\">Vous arriverez ensuite \u00e0\u00a0<a href=\"https:\/\/tourisme-en-champagne.com\/activite\/chavot-courcourt\/\" data-type=\"activite\" data-id=\"8188\"><strong>Chavot-Courcourt<\/strong><\/a>. Faites une halte pour d\u00e9couvrir\u00a0<strong>l\u2019\u00e9glise Saint Martin<\/strong>\u00a0(XIIe), au milieu des vignes. Situ\u00e9e sur la motte de l\u2019ancien ch\u00e2teau auquel elle \u00e9tait accol\u00e9e, elle est toujours debout malgr\u00e9 plusieurs destructions. Une aire de pique-nique est install\u00e9e \u00e0 proximit\u00e9 o\u00f9 plusieurs points de vue se d\u00e9ploient vers la plaine.<\/p>\n\n\n\n<p class=\"has-text-align-left wp-block-paragraph\">Apr\u00e8s avoir travers\u00e9\u00a0<a href=\"https:\/\/tourisme-en-champagne.com\/activite\/chasse-au-tresor-a-monthelon\/\" data-type=\"activite\" data-id=\"7630\"><strong>Monthelon<\/strong><\/a>\u00a0et\u00a0<strong>Morangis<\/strong>, vous aurez le choix entre 2 options pour la suite de votre itin\u00e9raire.\u00a0<\/p>\n<\/div>\n<\/div>\n<\/section>\n\n<section class=\"wp-block-group alignfull pattern-text-33-media-66 has-global-padding is-layout-constrained wp-block-group-is-layout-constrained\">\n<h2 class=\"wp-block-heading underlined\"><strong>Nach Berg\u00e8res-l\u00e8s-Vertus &amp; die C\u00f4te des Blancs<\/strong><\/h2>\n\n\n\n<div class=\"wp-block-columns is-layout-flex wp-container-core-columns-is-layout-63fbf5b9 wp-block-columns-is-layout-flex\">\n<div class=\"wp-block-column col-media is-layout-flow wp-block-column-is-layout-flow\" style=\"flex-basis:50%\">\n<figure class=\"wp-block-image alignfull size-full\"><img loading=\"lazy\" decoding=\"async\" width=\"485\" height=\"730\" src=\"https:\/\/tourisme-en-champagne.com\/assets\/uploads\/2025\/07\/chardonnay-wwwmkb-photos-colladt-mrne.jpeg\" alt=\"Weinberge\" class=\"wp-image-14992\" title=\"\" srcset=\"https:\/\/tourisme-en-champagne.com\/assets\/uploads\/2025\/07\/chardonnay-wwwmkb-photos-colladt-mrne.jpeg 485w, https:\/\/tourisme-en-champagne.com\/assets\/uploads\/2025\/07\/chardonnay-wwwmkb-photos-colladt-mrne-400x602.jpeg 400w\" sizes=\"auto, (max-width: 485px) 100vw, 485px\" \/><\/figure>\n<\/div>\n\n\n\n<div class=\"wp-block-column col-content is-layout-flow wp-block-column-is-layout-flow\" style=\"flex-basis:50%\">\n<p class=\"wp-block-paragraph\">Die erste Option f\u00fchrt Sie \u00fcber <strong>Moslins<\/strong> zur <strong>C\u00f4te des Blancs<\/strong>, einem der Flaggschiffe des Weinbaugebiets der Champagne. Etwa 15 km s\u00fcdlich von Epernay liegt dieses prestigetr\u00e4chtige Gebiet an den R\u00e4ndern des Brie-Plateaus. Wie der Name schon sagt, ist die Landschaft von der Kreide gepr\u00e4gt, die \u00fcberall an die Oberfl\u00e4che kommt, aber auch von der wei\u00dfen <strong>Chardonnay-Rebe<\/strong>, die den Gro\u00dfteil des Bodens bedeckt und dem Wein eine unglaubliche aromatische Finesse verleiht.  <\/p>\n\n\n\n<p class=\"wp-block-paragraph\">Vous entrerez ensuite \u00e0\u00a0<a href=\"https:\/\/tourisme-en-champagne.com\/activite\/grauves\/\" data-type=\"activite\" data-id=\"8221\"><strong>Grauves<\/strong><\/a>, le premier des villages b\u00e2tis en amphith\u00e9\u00e2tre sur le flanc des collines qui ponctuent la C\u00f4te des Blancs.<\/p>\n\n\n\n<p class=\"wp-block-paragraph\">In <strong>Cuis<\/strong>, gleich danach, geh\u00f6ren <strong>die Klippen und die Weiden<\/strong> (ehemalige Weiden) zu den sch\u00f6nsten Naturgebieten der Marne. Das Gebiet beherbergt einen kleinen Schatz an Biodiversit\u00e4t mit seltenen Pflanzenarten (196 s\u00fcdliche Pflanzenarten) und Tieren (111 Arten): Bergzikade, Flamb\u00e9, Smaragdeidechse&#8230; <\/p>\n\n\n\n<p class=\"wp-block-paragraph\">Fahren Sie weiter nach <strong>Cramant<\/strong>, wo Sie von einer gro\u00dfen Flasche Wein begr\u00fc\u00dft werden. <a href=\"https:\/\/fichier0.cirkwi.com\/image\/photo\/poi\/800x500\/895850\/fr\/0.jpg?1594114270\" target=\"_blank\" rel=\"noreferrer noopener\"><strong>Riesenflasche begr\u00fc\u00dft wird.<\/strong><\/a> (8,6 m) am Ortseingang begr\u00fc\u00dft wird. Ein Muss ist der Panoramablick von Le Cramont. <strong><a href=\"https:\/\/www.tourisme-en-champagne.com\/jardin-de-vignes-de-cramant\/cramant\/pnacha051v500np9\">Jardin de Vignes (Weingarten)<\/a> <\/strong>bietet einen atemberaubenden Blick auf die umliegenden D\u00f6rfer und die Weinberge. Eine Orientierungstafel hilft Ihnen, die H\u00f6hepunkte und Sehensw\u00fcrdigkeiten zu finden.  <\/p>\n<\/div>\n<\/div>\n<\/section>\n\n<section class=\"wp-block-group alignfull pattern-text has-middleground-background-color has-background has-global-padding is-content-justification-center is-layout-constrained wp-block-group-is-layout-constrained\">\n<div class=\"wp-block-columns is-layout-flex wp-container-core-columns-is-layout-fdcf44e1 wp-block-columns-is-layout-flex\">\n<div class=\"wp-block-column is-layout-flow wp-block-column-is-layout-flow\">\n<p class=\"has-text-align-left wp-block-paragraph\">La Route touristique vous m\u00e8ne ensuite vers d\u2019autres villages r\u00e9put\u00e9s de la C\u00f4te des Blancs, \u00e0 commencer par\u00a0<strong>Avize<\/strong>, et son\u00a0<a href=\"https:\/\/tourisme-en-champagne.com\/activite\/parc-vix\/\" data-type=\"activite\" data-id=\"8078\"><strong>parc Vix<\/strong><\/a>. Un lieu de promenade particuli\u00e8rement agr\u00e9able avec trois bassins d\u2019agr\u00e9ments, un sentier botanique ou encore des instruments de musique de plein air. L\u00e0 aussi, la vue vaut le d\u00e9tour\u00a0!<\/p>\n\n\n\n<p class=\"wp-block-paragraph\">\u00c0\u00a0<strong>Oger<\/strong>, le\u00a0<strong><a href=\"https:\/\/tourisme-en-champagne.com\/activite\/musee-du-mariage\/\" data-type=\"activite\" data-id=\"7873\">Mus\u00e9e du Mariage<\/a>\u00a0<\/strong>invite \u00e0 voyager dans le monde de l\u2019amour version vintage (1800 \u00e0 1940), tandis qu\u2019au\u00a0<strong>Mesnil-sur-Oger<\/strong>, le\u00a0<a href=\"https:\/\/tourisme-en-champagne.com\/activite\/musee-de-la-vigne-et-du-vin\/\" data-type=\"activite\" data-id=\"7796\"><strong>Mus\u00e9e de la vigne et du vin<\/strong><\/a>\u00a0vous propose de d\u00e9couvrir l\u2019histoire du travail de la vigne et de l\u2019\u00e9laboration du vin. Une visite in\u00e9dite au sein du d\u00e9dale des caves du Mus\u00e9e, creus\u00e9es dans la craie.<\/p>\n\n\n\n<p class=\"has-text-align-left wp-block-paragraph\">En raison de leur richesse biologique, leur raret\u00e9 et la fragilit\u00e9 des esp\u00e8ces qu&#8217;ils h\u00e9bergent, les\u00a0<strong><a href=\"https:\/\/tourisme-en-champagne.com\/activite\/la-reserve-naturelle-des-patis-doger-et-du-mesnil-sur-oger\/\" data-type=\"activite\" data-id=\"8075\">P\u00e2tis d&#8217;Oger et du Mesnil-sur-Oger<\/a>\u00a0<\/strong>sont\u00a0class\u00e9s R\u00e9serve Naturelle Nationale et int\u00e9gr\u00e9s\u00a0au r\u00e9seau europ\u00e9en Natura 2000. Le grand hydrophyle, l&#8217;un des plus gros col\u00e9opt\u00e8res aquatiques de France, y a r\u00e9cemment \u00e9t\u00e9 d\u00e9couvert.<\/p>\n<\/div>\n<\/div>\n<\/section>\n\n<section class=\"wp-block-group alignfull pattern-text-40-parenthese-media-60 has-global-padding is-layout-constrained wp-block-group-is-layout-constrained\">\n<div class=\"wp-block-columns is-layout-flex wp-container-core-columns-is-layout-63fbf5b9 wp-block-columns-is-layout-flex\">\n<div class=\"wp-block-column col-media is-layout-flow wp-block-column-is-layout-flow\" style=\"flex-basis:60%\">\n<figure class=\"wp-block-image alignright size-full\"><img loading=\"lazy\" decoding=\"async\" width=\"600\" height=\"600\" src=\"https:\/\/tourisme-en-champagne.com\/assets\/uploads\/2025\/07\/le-mont-aime-1.jpeg\" alt=\"\" class=\"wp-image-15011\" style=\"aspect-ratio:1;object-fit:cover\" title=\"\" srcset=\"https:\/\/tourisme-en-champagne.com\/assets\/uploads\/2025\/07\/le-mont-aime-1.jpeg 600w, https:\/\/tourisme-en-champagne.com\/assets\/uploads\/2025\/07\/le-mont-aime-1-400x400.jpeg 400w\" sizes=\"auto, (max-width: 600px) 100vw, 600px\" \/><\/figure>\n<\/div>\n\n\n\n<div class=\"wp-block-column col-content is-layout-flow wp-block-column-is-layout-flow\" style=\"flex-basis:40%\">\n<p class=\"wp-block-paragraph\">Traversez ensuite\u00a0<a href=\"https:\/\/tourisme-en-champagne.com\/itineraire\/balade-a-vertus\/\" data-type=\"itineraire\" data-id=\"8718\"><strong>Vertus<\/strong><\/a>\u00a0et son\u00a0<strong>\u00e9glise Saint-Martin<\/strong>\u00a0(XIe et XIIe). Elle a \u00e9t\u00e9 construite sur pilotis, au-dessus d\u2019une source qui alimente la pi\u00e8ce d\u2019eau que l\u2019on peut voir derri\u00e8re l\u2019abside, appel\u00e9e \u00ab\u00a0Puits Saint-Martin\u00a0\u00bb. Les 3 cryptes sont certainement les parties les plus int\u00e9ressantes \u00e0 voir et les mieux conserv\u00e9es.<\/p>\n\n\n\n<p class=\"wp-block-paragraph\">Votre itin\u00e9raire s\u2019ach\u00e8ve \u00e0\u00a0<strong>Berg\u00e8res-l\u00e8s-Vertus<\/strong>, en haut du\u00a0<a href=\"https:\/\/tourisme-en-champagne.com\/activite\/le-mont-aime\/\" data-type=\"activite\" data-id=\"8074\"><strong>Mont Aim\u00e9<\/strong><\/a>\u00a0(240 m), o\u00f9 vous aurez tout le loisir d\u2019admirer l\u2019impressionnant panorama de la Champagne crayeuse. Cette colline historique, qui porta longtemps la forteresse de la Reine Blanche de Navarre, accueille aujourd\u2019hui une table d\u2019orientation et de belles promenades.<\/p>\n<\/div>\n<\/div>\n<\/section>\n\n<section class=\"wp-block-group alignfull pattern-mosaic accent-3 has-global-padding is-layout-constrained wp-block-group-is-layout-constrained\">\n<div class=\"wp-block-columns is-layout-flex wp-container-core-columns-is-layout-fdcf44e1 wp-block-columns-is-layout-flex\">\n<div class=\"wp-block-column col-content is-layout-flow wp-block-column-is-layout-flow\">\n<h2 class=\"wp-block-heading has-text-align-center\"><strong><strong>Auf dem Weg<\/strong><\/strong><\/h2>\n\n\n\n<hr class=\"wp-block-separator has-text-color has-accent-3-color has-alpha-channel-opacity has-accent-3-background-color has-background\"\/>\n\n\n\n\t<div class=\"fsgb-block-link-mosaic is-style-grid swiper swiperMosaic\"  >\n\t\t\t\t\t<div class=\"swiper-wrapper\">\n\t\t\t\t\t\t\t\t\t\t\t\t<div class=\"swiper-slide\">\n\t\t\t\t\t\t\t<a href=\"https:\/\/tourisme-en-champagne.com\/activite\/musee-du-vin-de-champagne-et-darcheologie-regionale\/\">\n\t\t\t\t\t\t\t\t\t\t\t<div class=\"thumbnail\"><img loading=\"lazy\" decoding=\"async\" width=\"400\" height=\"257\" src=\"https:\/\/tourisme-en-champagne.com\/assets\/uploads\/2025\/07\/archeo-1-400x257.jpeg\" class=\"attachment-thumbnail size-thumbnail\" alt=\"\" srcset=\"https:\/\/tourisme-en-champagne.com\/assets\/uploads\/2025\/07\/archeo-1-400x257.jpeg 400w, https:\/\/tourisme-en-champagne.com\/assets\/uploads\/2025\/07\/archeo-1-640x411.jpeg 640w, https:\/\/tourisme-en-champagne.com\/assets\/uploads\/2025\/07\/archeo-1.jpeg 670w\" sizes=\"auto, (max-width: 400px) 100vw, 400px\" title=\"\"><\/div>\n\t\t\t\t\t\t\t\t\t\t\t\t\t\t\t<div class=\"text-link-title\">\n\t\t\t\t\t\t\t\t\t\t\t\t\t<h2 class=\"link-title\">Mus\u00e9e du vin de Champagne et d\u2019Arch\u00e9ologie r\u00e9gionale<\/h2>\n\t\t\t\t\t\t\t\t\t\t\t\t\t\t\t\t\t\t\t<div class=\"text\">Mus\u00e9e du vin de Champagne et d&#8217;Arch\u00e9ologie &#8211; Epernay<\/div>\n\t\t\t\t\t\t\t\t\t\t\t<\/div>\n\t\t\t\t<\/a>\n\t\t\t\t<\/div>\t\t\t\t\t\t\t\t\t\t<div class=\"swiper-slide\">\n\t\t\t\t\t\t\t<a href=\"https:\/\/tourisme-en-champagne.com\/activite\/jardin-de-vignes-de-chouilly\/\">\n\t\t\t\t\t\t\t\t\t\t\t<div class=\"thumbnail\"><img loading=\"lazy\" decoding=\"async\" width=\"400\" height=\"257\" src=\"https:\/\/tourisme-en-champagne.com\/assets\/uploads\/2025\/07\/quiz-pour-les-enfants-400x257.jpeg\" class=\"attachment-thumbnail size-thumbnail\" alt=\"\" srcset=\"https:\/\/tourisme-en-champagne.com\/assets\/uploads\/2025\/07\/quiz-pour-les-enfants-400x257.jpeg 400w, https:\/\/tourisme-en-champagne.com\/assets\/uploads\/2025\/07\/quiz-pour-les-enfants-640x411.jpeg 640w, https:\/\/tourisme-en-champagne.com\/assets\/uploads\/2025\/07\/quiz-pour-les-enfants.jpeg 670w\" sizes=\"auto, (max-width: 400px) 100vw, 400px\" title=\"\"><\/div>\n\t\t\t\t\t\t\t\t\t\t\t\t\t\t\t<div class=\"text-link-title\">\n\t\t\t\t\t\t\t\t\t\t\t\t\t\t\t\t\t\t\t<div class=\"text\">Garten der Weinberge &#8211; Chouilly<\/div>\n\t\t\t\t\t\t\t\t\t\t\t<\/div>\n\t\t\t\t<\/a>\n\t\t\t\t<\/div>\t\t\t\t\t\t\t\t\t\t<div class=\"swiper-slide\">\n\t\t\t\t\t\t\t<a href=\"https:\/\/tourisme-en-champagne.com\/activite\/chateau-de-pierry\/\">\n\t\t\t\t\t\t\t\t\t\t\t<div class=\"thumbnail\"><img loading=\"lazy\" decoding=\"async\" width=\"400\" height=\"257\" src=\"https:\/\/tourisme-en-champagne.com\/assets\/uploads\/2025\/07\/facade-chateau-de-pierry-brex-400x257.jpeg\" class=\"attachment-thumbnail size-thumbnail\" alt=\"\" srcset=\"https:\/\/tourisme-en-champagne.com\/assets\/uploads\/2025\/07\/facade-chateau-de-pierry-brex-400x257.jpeg 400w, https:\/\/tourisme-en-champagne.com\/assets\/uploads\/2025\/07\/facade-chateau-de-pierry-brex-640x411.jpeg 640w, https:\/\/tourisme-en-champagne.com\/assets\/uploads\/2025\/07\/facade-chateau-de-pierry-brex.jpeg 670w\" sizes=\"auto, (max-width: 400px) 100vw, 400px\" title=\"\"><\/div>\n\t\t\t\t\t\t\t\t\t\t\t\t\t\t\t<div class=\"text-link-title\">\n\t\t\t\t\t\t\t\t\t\t\t\t\t\t\t\t\t\t\t<div class=\"text\">Schloss Pierry<\/div>\n\t\t\t\t\t\t\t\t\t\t\t<\/div>\n\t\t\t\t<\/a>\n\t\t\t\t<\/div>\t\t\t\t\t\t\t\t\t\t<div class=\"swiper-slide\">\n\t\t\t\t\t\t\t<a href=\"https:\/\/tourisme-en-champagne.com\/activite\/parc-vix\/\">\n\t\t\t\t\t\t\t\t\t\t\t<div class=\"thumbnail\"><img loading=\"lazy\" decoding=\"async\" width=\"400\" height=\"257\" src=\"https:\/\/tourisme-en-champagne.com\/assets\/uploads\/2025\/07\/parc-vix-avize-1-1-400x257.jpeg\" class=\"attachment-thumbnail size-thumbnail\" alt=\"\" srcset=\"https:\/\/tourisme-en-champagne.com\/assets\/uploads\/2025\/07\/parc-vix-avize-1-1-400x257.jpeg 400w, https:\/\/tourisme-en-champagne.com\/assets\/uploads\/2025\/07\/parc-vix-avize-1-1-640x411.jpeg 640w, https:\/\/tourisme-en-champagne.com\/assets\/uploads\/2025\/07\/parc-vix-avize-1-1.jpeg 670w\" sizes=\"auto, (max-width: 400px) 100vw, 400px\" title=\"\"><\/div>\n\t\t\t\t\t\t\t\t\t\t\t\t\t\t\t<div class=\"text-link-title\">\n\t\t\t\t\t\t\t\t\t\t\t\t\t\t\t\t\t\t\t<div class=\"text\">Parc Vix &#8211; Avize<\/div>\n\t\t\t\t\t\t\t\t\t\t\t<\/div>\n\t\t\t\t<\/a>\n\t\t\t\t<\/div>\t\t\t\t\t\t\t\t\t\t<div class=\"swiper-slide\">\n\t\t\t\t\t\t\t<a href=\"https:\/\/tourisme-en-champagne.com\/activite\/la-reserve-naturelle-des-patis-doger-et-du-mesnil-sur-oger\/\">\n\t\t\t\t\t\t\t\t\t\t\t<div class=\"thumbnail\"><img loading=\"lazy\" decoding=\"async\" width=\"400\" height=\"257\" src=\"https:\/\/tourisme-en-champagne.com\/assets\/uploads\/2025\/07\/rnn-mesnil-5-427x640-jbr-1-400x257.jpeg\" class=\"attachment-thumbnail size-thumbnail\" alt=\"\" srcset=\"https:\/\/tourisme-en-champagne.com\/assets\/uploads\/2025\/07\/rnn-mesnil-5-427x640-jbr-1-400x257.jpeg 400w, https:\/\/tourisme-en-champagne.com\/assets\/uploads\/2025\/07\/rnn-mesnil-5-427x640-jbr-1-640x411.jpeg 640w, https:\/\/tourisme-en-champagne.com\/assets\/uploads\/2025\/07\/rnn-mesnil-5-427x640-jbr-1.jpeg 670w\" sizes=\"auto, (max-width: 400px) 100vw, 400px\" title=\"\"><\/div>\n\t\t\t\t\t\t\t\t\t\t\t\t\t\t\t<div class=\"text-link-title\">\n\t\t\t\t\t\t\t\t\t\t\t\t\t\t\t\t\t\t\t<div class=\"text\">Naturreservat P\u00e2tis d&#8217;Oger und Mesnil-sur-Oger<\/div>\n\t\t\t\t\t\t\t\t\t\t\t<\/div>\n\t\t\t\t<\/a>\n\t\t\t\t<\/div>\t\t\t\t\t\t\t\t\t\t<div class=\"swiper-slide\">\n\t\t\t\t\t\t\t<a href=\"https:\/\/tourisme-en-champagne.com\/activite\/musee-du-mariage\/\">\n\t\t\t\t\t\t\t\t\t\t\t<div class=\"thumbnail\"><img loading=\"lazy\" decoding=\"async\" width=\"400\" height=\"257\" src=\"https:\/\/tourisme-en-champagne.com\/assets\/uploads\/2025\/07\/musee-du-mariage-oger-musee-du-mariage-5-400x257.jpeg\" class=\"attachment-thumbnail size-thumbnail\" alt=\"\" srcset=\"https:\/\/tourisme-en-champagne.com\/assets\/uploads\/2025\/07\/musee-du-mariage-oger-musee-du-mariage-5-400x257.jpeg 400w, https:\/\/tourisme-en-champagne.com\/assets\/uploads\/2025\/07\/musee-du-mariage-oger-musee-du-mariage-5-640x411.jpeg 640w, https:\/\/tourisme-en-champagne.com\/assets\/uploads\/2025\/07\/musee-du-mariage-oger-musee-du-mariage-5.jpeg 670w\" sizes=\"auto, (max-width: 400px) 100vw, 400px\" title=\"\"><\/div>\n\t\t\t\t\t\t\t\t\t\t\t\t\t\t\t<div class=\"text-link-title\">\n\t\t\t\t\t\t\t\t\t\t\t\t\t\t\t\t\t\t\t<div class=\"text\">Hochzeitsmuseum<\/div>\n\t\t\t\t\t\t\t\t\t\t\t<\/div>\n\t\t\t\t<\/a>\n\t\t\t\t<\/div>\t\t\t\t\t\t\t\t<\/div>\n\t\t\t<div class=\"swiper-buttons\">\n\t\t\t\t<div class=\"swiper-button swiper-button-prev\"><\/div> \n\t\t\t\t<div class=\"swiper-button swiper-button-next\"><\/div>\n\t\t\t<\/div>\n\t\t\t\t\n\t<\/div>\n\n<\/div>\n<\/div>\n<\/section>\n\n<section class=\"wp-block-group alignfull pattern-text has-global-padding is-content-justification-center is-layout-constrained wp-block-group-is-layout-constrained\">\n<div class=\"wp-block-columns is-layout-flex wp-container-core-columns-is-layout-fdcf44e1 wp-block-columns-is-layout-flex\">\n<div class=\"wp-block-column is-layout-flow wp-block-column-is-layout-flow\">\n<h2 class=\"wp-block-heading\"><strong><strong>Richtung S\u00e9zanne, seine H\u00fcgel und die des Petit Morin<\/strong><\/strong><\/h2>\n\n\n\n<hr class=\"wp-block-separator has-text-color has-accent-1-color has-alpha-channel-opacity has-accent-1-background-color has-background\"\/>\n\n\n\n<p class=\"has-text-align-left wp-block-paragraph\">Die zweite Option f\u00fchrt Sie zu den <strong>Coteaux S\u00e9zannais<\/strong> und den <strong>Coteaux du Petit Morin<\/strong>. In der Verl\u00e4ngerung des Weinbaugebiets der C\u00f4te des Blancs, s\u00fcdwestlich von Epernay, bietet dieses Weinbaugebiet eine vielf\u00e4ltige Landschaft mit Weinbergen, W\u00e4ldern und S\u00fcmpfen. <\/p>\n\n\n\n<p class=\"wp-block-paragraph\">Von Morangis aus f\u00fchrt Ihr Weg durch den Wald nach <strong>Montmort-Lucy<\/strong>. Die Silhouette des <strong><a href=\"http:\/\/www.montmort.com\/index_fichiers\/image1126.jpg\" target=\"_blank\" rel=\"noreferrer noopener\">Schloss Montmort-Lucy.<\/a><\/strong> erscheint pl\u00f6tzlich vor Ihnen, beeindruckend durch seine Majest\u00e4t und Eleganz. Die mittelalterliche Festungsruine wurde in der Renaissance in einen Landsitz umgewandelt.  <\/p>\n\n\n\n<p class=\"has-text-align-left wp-block-paragraph\">Traversez les villages de La Caure,\u00a0<strong>Champaubert<\/strong>\u00a0(et sa\u00a0<strong>colonne comm\u00e9morative<\/strong>\u00a0des victoires napol\u00e9oniennes du\u00a010\u00a0f\u00e9vrier\u00a01814), Baye, puis\u00a0<strong>Talus-Saint-Prix<\/strong>\u00a0et le site du Reclus. L\u00e0,\u00a0<a href=\"https:\/\/tourisme-en-champagne.com\/activite\/abbaye-notre-dame-du-reclus\/\" data-type=\"activite\" data-id=\"7787\"><strong>l&#8217;abbaye cistercienne Notre-Dame-du-Reclus<\/strong>\u00a0<\/a>se r\u00e9v\u00e8le dans un cadre de verdure tr\u00e8s reposant et pr\u00e9serv\u00e9. Fond\u00e9e au XIIe si\u00e8cle par Saint-Bernard, elle conserve des b\u00e2timents d\u2019origine class\u00e9s au titre des monuments historiques.<\/p>\n<\/div>\n<\/div>\n<\/section>\n\n<section class=\"wp-block-group alignfull pattern-text-60-parenthese-media-40 has-global-padding is-layout-constrained wp-block-group-is-layout-constrained\">\n<div class=\"wp-block-columns is-layout-flex wp-container-core-columns-is-layout-fdcf44e1 wp-block-columns-is-layout-flex\">\n<div class=\"wp-block-column col-content is-layout-flow wp-block-column-is-layout-flow\" style=\"flex-basis:60%\">\n<p class=\"wp-block-paragraph\">Die Tour geht weiter nach S\u00e9zanne, mit einer direkten Option (\u00fcber Soizy-aux-Bois) oder etwas l\u00e4nger, wenn Sie das &#8222;Monument de Mondement&#8220;, eines der drei nationalen Denkm\u00e4ler des Ersten Weltkriegs, besichtigen m\u00f6chten. Wenn dies der Fall ist, fahren Sie nach Oyes und dann nach <strong>Mondement-Montgivroux<\/strong>. <\/p>\n\n\n\n<p class=\"wp-block-paragraph\">Sur ce balcon naturel surplombant les<a href=\"https:\/\/youtu.be\/TrLv3i7UdOY\" target=\"_blank\" rel=\"noreferrer noopener\">\u00a0<strong>Marais de Saint-Gond<\/strong><\/a>\u00a0se dresse le\u00a0<a href=\"https:\/\/tourisme-en-champagne.com\/activite\/monument-de-la-1ere-victoire-de-la-marne\/\" data-type=\"activite\" data-id=\"7788\"><strong>Monument national de la Victoire de la Marne<\/strong><\/a>. Un monolithe extraordinaire de b\u00e9ton ocre, d&#8217;une hauteur de 35,5 m\u00e8tres, qui comm\u00e9more avec force la Premi\u00e8re Bataille de la Marne (5-12 septembre 1914). Un\u00a0<strong>mus\u00e9e<\/strong>, situ\u00e9 dans l\u2019ancienne classe du village, retrace les diff\u00e9rentes \u00e9tapes de cette bataille.<\/p>\n<\/div>\n\n\n\n<div class=\"wp-block-column col-media is-layout-flow wp-block-column-is-layout-flow\" style=\"flex-basis:40%\">\n<figure class=\"wp-block-embed is-type-video is-provider-youtube wp-block-embed-youtube wp-embed-aspect-16-9 wp-has-aspect-ratio\"><div class=\"wp-block-embed__wrapper\">\n<iframe loading=\"lazy\" title=\"Partez \u00e0 la d\u00e9couverte des Marais de Saint Gond\" width=\"500\" height=\"281\" src=\"https:\/\/www.youtube.com\/embed\/TrLv3i7UdOY?feature=oembed\" frameborder=\"0\" allow=\"accelerometer; autoplay; clipboard-write; encrypted-media; gyroscope; picture-in-picture; web-share\" referrerpolicy=\"strict-origin-when-cross-origin\" allowfullscreen><\/iframe>\n<\/div><\/figure>\n<\/div>\n<\/div>\n<\/section>\n\n<section class=\"wp-block-group alignfull pattern-text has-global-padding is-content-justification-center is-layout-constrained wp-block-group-is-layout-constrained\">\n<div class=\"wp-block-columns is-layout-flex wp-container-core-columns-is-layout-fdcf44e1 wp-block-columns-is-layout-flex\">\n<div class=\"wp-block-column is-layout-flow wp-block-column-is-layout-flow\">\n<p class=\"has-text-align-left wp-block-paragraph\">Apr\u00e8s avoir travers\u00e9 Broyes, vous arriverez \u00e0\u00a0<a href=\"https:\/\/tourisme-en-champagne.com\/sezanne-petite-cite-de-caractere\/\" data-type=\"page\" data-id=\"13390\"><strong>S\u00e9zanne, Petite Cit\u00e9 de Caract\u00e8re\u00ae<\/strong>.<\/a> La ville, d&#8217;origine m\u00e9di\u00e9vale, offre de tr\u00e8s jolies balades. Levez les yeux et fl\u00e2nez, au\u00a0fil des rues o\u00f9 de nombreuses curiosit\u00e9s vous attendent : cadran solaire,\u00a0lucarnes, statuettes, armoiries ou encore les\u00a0magnifiques halles de style Baltard.<\/p>\n\n\n\n<p class=\"has-text-align-left wp-block-paragraph\"><strong><a href=\"https:\/\/tourisme-en-champagne.com\/activite\/eglise-saint-denis\/\" data-type=\"activite\" data-id=\"7825\">L\u2019\u00e9glise Saint-Denis<\/a>\u00a0<\/strong>vaut le coup d\u2019\u0153il avec sa superbe tour carr\u00e9e haute de 42 m\u00e8tres. Elle rec\u00e9lait 23 ouvroirs dans ses contreforts, des petites \u00e9choppes o\u00f9 les artisans (sellier, tailleur, chaudronnier, boulanger\u2026) s\u2019affairaient d\u00e8s 1499. Il en subsiste 4 log\u00e9es dans les contreforts de la tour.<\/p>\n\n\n\n<div class=\"wp-block-buttons is-content-justification-left is-layout-flex wp-container-core-buttons-is-layout-ed30f8f2 wp-block-buttons-is-layout-flex\">\n<div class=\"wp-block-button\"><a class=\"wp-block-button__link has-grey-color has-accent-3-background-color has-text-color has-background has-link-color wp-element-button\" href=\"https:\/\/www.youtube.com\/watch?v=cc3nq6SxX78\" target=\"_blank\" rel=\"noreferrer noopener\">Lesen Sie mehr<\/a><\/div>\n<\/div>\n<\/div>\n<\/div>\n<\/section>\n\n<section class=\"wp-block-group alignfull pattern-mosaic accent-3 has-global-padding is-layout-constrained wp-block-group-is-layout-constrained\">\n<div class=\"wp-block-columns is-layout-flex wp-container-core-columns-is-layout-fdcf44e1 wp-block-columns-is-layout-flex\">\n<div class=\"wp-block-column col-content is-layout-flow wp-block-column-is-layout-flow\">\n<h2 class=\"wp-block-heading has-text-align-center\"><strong><strong>Auf dem Weg<\/strong><\/strong><\/h2>\n\n\n\n<hr class=\"wp-block-separator has-text-color has-accent-3-color has-alpha-channel-opacity has-accent-3-background-color has-background\"\/>\n\n\n\n\t<div class=\"fsgb-block-link-mosaic is-style-grid swiper swiperMosaic\"  >\n\t\t\t\t\t<div class=\"swiper-wrapper\">\n\t\t\t\t\t\t\t\t\t\t\t\t<div class=\"swiper-slide\">\n\t\t\t\t\t\t\t<a href=\"https:\/\/www.youtube.com\/watch?v=nU6opICKwWw\" target=\"_blank\" rel=\"noopener\">\n\t\t\t\t\t\t\t\t\t\t\t<div class=\"thumbnail\"><img loading=\"lazy\" decoding=\"async\" width=\"400\" height=\"257\" src=\"https:\/\/tourisme-en-champagne.com\/assets\/uploads\/2025\/07\/youtube-nu6opickwww-1-400x257.jpg\" class=\"attachment-thumbnail size-thumbnail\" alt=\"\" srcset=\"https:\/\/tourisme-en-champagne.com\/assets\/uploads\/2025\/07\/youtube-nu6opickwww-1-400x257.jpg 400w, https:\/\/tourisme-en-champagne.com\/assets\/uploads\/2025\/07\/youtube-nu6opickwww-1-640x411.jpg 640w, https:\/\/tourisme-en-champagne.com\/assets\/uploads\/2025\/07\/youtube-nu6opickwww-1.jpg 670w\" sizes=\"auto, (max-width: 400px) 100vw, 400px\" title=\"\"><\/div>\n\t\t\t\t\t\t\t\t\t\t\t\t\t\t\t<div class=\"text-link-title\">\n\t\t\t\t\t\t\t\t\t\t\t\t\t\t\t\t\t\t\t<div class=\"text\">Entdecken Sie S\u00e9zanne<\/div>\n\t\t\t\t\t\t\t\t\t\t\t<\/div>\n\t\t\t\t<\/a>\n\t\t\t\t<\/div>\t\t\t\t\t\t\t\t\t\t<div class=\"swiper-slide\">\n\t\t\t\t\t\t\t<a href=\"https:\/\/www.calameo.com\/read\/007109647c1e9debe44dc\" target=\"_blank\" rel=\"noopener\">\n\t\t\t\t\t\t\t\t\t\t\t<div class=\"thumbnail\"><img loading=\"lazy\" decoding=\"async\" width=\"400\" height=\"257\" src=\"https:\/\/tourisme-en-champagne.com\/assets\/uploads\/2025\/07\/marais-de-saint-gondcadt-marne8-1-400x257.jpg\" class=\"attachment-thumbnail size-thumbnail\" alt=\"Marais de Saint-Gond\" srcset=\"https:\/\/tourisme-en-champagne.com\/assets\/uploads\/2025\/07\/marais-de-saint-gondcadt-marne8-1-400x257.jpg 400w, https:\/\/tourisme-en-champagne.com\/assets\/uploads\/2025\/07\/marais-de-saint-gondcadt-marne8-1-640x411.jpg 640w, https:\/\/tourisme-en-champagne.com\/assets\/uploads\/2025\/07\/marais-de-saint-gondcadt-marne8-1.jpg 670w\" sizes=\"auto, (max-width: 400px) 100vw, 400px\" title=\"\"><\/div>\n\t\t\t\t\t\t\t\t\t\t\t\t\t\t\t<div class=\"text-link-title\">\n\t\t\t\t\t\t\t\t\t\t\t\t\t\t\t\t\t\t\t<div class=\"text\">Sumpfgebiet von St. Gond<\/div>\n\t\t\t\t\t\t\t\t\t\t\t<\/div>\n\t\t\t\t<\/a>\n\t\t\t\t<\/div>\t\t\t\t\t\t\t\t\t\t<div class=\"swiper-slide\">\n\t\t\t\t\t\t\t<a href=\"https:\/\/www.calameo.com\/read\/007109647c1e9debe44dc\" target=\"_blank\" rel=\"noopener\">\n\t\t\t\t\t\t\t\t\t\t\t<div class=\"thumbnail\"><img loading=\"lazy\" decoding=\"async\" width=\"400\" height=\"257\" src=\"https:\/\/tourisme-en-champagne.com\/assets\/uploads\/2025\/07\/069-randonnee-c-christophe-manquillet120918-1-400x257.jpg\" class=\"attachment-thumbnail size-thumbnail\" alt=\"\" srcset=\"https:\/\/tourisme-en-champagne.com\/assets\/uploads\/2025\/07\/069-randonnee-c-christophe-manquillet120918-1-400x257.jpg 400w, https:\/\/tourisme-en-champagne.com\/assets\/uploads\/2025\/07\/069-randonnee-c-christophe-manquillet120918-1-640x411.jpg 640w, https:\/\/tourisme-en-champagne.com\/assets\/uploads\/2025\/07\/069-randonnee-c-christophe-manquillet120918-1.jpg 670w\" sizes=\"auto, (max-width: 400px) 100vw, 400px\" title=\"\"><\/div>\n\t\t\t\t\t\t\t\t\t\t\t\t\t\t\t<div class=\"text-link-title\">\n\t\t\t\t\t\t\t\t\t\t\t\t\t\t\t\t\t\t\t<div class=\"text\">Wanderwege rund um S\u00e9zanne<\/div>\n\t\t\t\t\t\t\t\t\t\t\t<\/div>\n\t\t\t\t<\/a>\n\t\t\t\t<\/div>\t\t\t\t\t\t\t\t\t\t<div class=\"swiper-slide\">\n\t\t\t\t\t\t\t<a href=\"https:\/\/tourisme-en-champagne.com\/greeter\/touchais-yanca\/\">\n\t\t\t\t\t\t\t\t\t\t\t<div class=\"thumbnail\"><img loading=\"lazy\" decoding=\"async\" width=\"400\" height=\"257\" src=\"https:\/\/tourisme-en-champagne.com\/assets\/uploads\/2025\/07\/eglise-1-sezanne-cv-montane-coll-adt-marne-0-1-400x257.jpg\" class=\"attachment-thumbnail size-thumbnail\" alt=\"\" srcset=\"https:\/\/tourisme-en-champagne.com\/assets\/uploads\/2025\/07\/eglise-1-sezanne-cv-montane-coll-adt-marne-0-1-400x257.jpg 400w, https:\/\/tourisme-en-champagne.com\/assets\/uploads\/2025\/07\/eglise-1-sezanne-cv-montane-coll-adt-marne-0-1-640x411.jpg 640w, https:\/\/tourisme-en-champagne.com\/assets\/uploads\/2025\/07\/eglise-1-sezanne-cv-montane-coll-adt-marne-0-1.jpg 670w\" sizes=\"auto, (max-width: 400px) 100vw, 400px\" title=\"\"><\/div>\n\t\t\t\t\t\t\t\t\t\t\t\t\t\t\t<div class=\"text-link-title\">\n\t\t\t\t\t\t\t\t\t\t\t\t\t\t\t\t\t\t\t<div class=\"text\">Spaziergang mit einem Greeter<\/div>\n\t\t\t\t\t\t\t\t\t\t\t<\/div>\n\t\t\t\t<\/a>\n\t\t\t\t<\/div>\t\t\t\t\t\t\t\t<\/div>\n\t\t\t<div class=\"swiper-buttons\">\n\t\t\t\t<div class=\"swiper-button swiper-button-prev\"><\/div> \n\t\t\t\t<div class=\"swiper-button swiper-button-next\"><\/div>\n\t\t\t<\/div>\n\t\t\t\t\n\t<\/div>\n\n<\/div>\n<\/div>\n<\/section>\n\n<section class=\"wp-block-group alignfull pattern-text has-global-padding is-content-justification-center is-layout-constrained wp-block-group-is-layout-constrained\">\n<div class=\"wp-block-columns is-layout-flex wp-container-core-columns-is-layout-fdcf44e1 wp-block-columns-is-layout-flex\">\n<div class=\"wp-block-column is-layout-flow wp-block-column-is-layout-flow\">\n<p class=\"has-text-align-left wp-block-paragraph\">Apr\u00e8s cette pause charmante, reprenez la route jusqu\u2019\u00e0\u00a0<strong><a href=\"https:\/\/tourisme-en-champagne.com\/activite\/bethon\/\" data-type=\"activite\" data-id=\"8199\">Bethon<\/a><\/strong>, terminus de l\u2019itin\u00e9raire, via Saudoy et Barbonne-Fayel.\u00a0<a href=\"https:\/\/tourisme-en-champagne.com\/activite\/eglise-saint-serein-a-bethon\/\" data-type=\"activite\" data-id=\"7836\"><strong>L\u2019\u00e9glise Saint Serein<\/strong><\/a>\u00a0(XVIe), de style flamboyant, se distingue par une curiosit\u00e9\u00a0: la pr\u00e9sence constante du chiffre 8. Un myst\u00e8re que vous \u00e9luciderez peut-\u00eatre lors de votre visite\u00a0!<\/p>\n<\/div>\n<\/div>\n<\/section>\n\n<section class=\"wp-block-group alignfull pattern-bubble-links has-middleground-background-color has-background has-global-padding is-layout-constrained wp-block-group-is-layout-constrained\" style=\"padding-top:var(--wp--preset--spacing--xx-large);padding-bottom:var(--wp--preset--spacing--xx-large)\">\n\t<div class=\"fsgb-block-link-mosaic is-style-bubbles alignwide\"  >\n\t\t\t\t\t\t\t\t\t\t\t\t<a href=\"https:\/\/tourisme-en-champagne.com\/caves-cote-des-blancs\/\">\n\t\t\t\t\t\t\t\t\t\t\t<div class=\"thumbnail\"><img loading=\"lazy\" decoding=\"async\" width=\"49\" height=\"47\" src=\"https:\/\/tourisme-en-champagne.com\/assets\/uploads\/2025\/03\/vigne-1.svg\" class=\"attachment-thumbnail size-thumbnail\" alt=\"Picto Vignes\" title=\"\"><\/div>\n\t\t\t\t\t\t\t\t\t\t\t\t\t\t\t<div class=\"text-link-title\">\n\t\t\t\t\t\t\t\t\t\t\t\t\t<h2 class=\"link-title\">Visites de caves<\/h2>\n\t\t\t\t\t\t\t\t\t\t\t\t\t\t\t\t\t<\/div>\n\t\t\t\t<\/a>\n\t\t\t\t\t\t\t\t\t\t\t\t\t\t<a href=\"https:\/\/tourisme-en-champagne.com\/restaurants-cote-des-blancs\/\">\n\t\t\t\t\t\t\t\t\t\t\t<div class=\"thumbnail\"><img loading=\"lazy\" decoding=\"async\" width=\"150\" height=\"150\" src=\"https:\/\/tourisme-en-champagne.com\/assets\/uploads\/2025\/06\/restaurant.png\" class=\"attachment-thumbnail size-thumbnail\" alt=\"Restaurant\" title=\"\"><\/div>\n\t\t\t\t\t\t\t\t\t\t\t\t\t\t\t<div class=\"text-link-title\">\n\t\t\t\t\t\t\t\t\t\t\t\t\t<h2 class=\"link-title\">Restaurants<\/h2>\n\t\t\t\t\t\t\t\t\t\t\t\t\t\t\t\t\t<\/div>\n\t\t\t\t<\/a>\n\t\t\t\t\t\t\t\t\t\t\t\t\t\t<a href=\"https:\/\/tourisme-en-champagne.com\/gites-meubles-cote-des-blancs\/\">\n\t\t\t\t\t\t\t\t\t\t\t<div class=\"thumbnail\"><img loading=\"lazy\" decoding=\"async\" width=\"150\" height=\"150\" src=\"https:\/\/tourisme-en-champagne.com\/assets\/uploads\/2025\/06\/hebergement.png\" class=\"attachment-thumbnail size-thumbnail\" alt=\"H\u00e9bergement\" title=\"\"><\/div>\n\t\t\t\t\t\t\t\t\t\t\t\t\t\t\t<div class=\"text-link-title\">\n\t\t\t\t\t\t\t\t\t\t\t\t\t<h2 class=\"link-title\">G\u00eetes &amp; meubl\u00e9s<\/h2>\n\t\t\t\t\t\t\t\t\t\t\t\t\t\t\t\t\t<\/div>\n\t\t\t\t<\/a>\n\t\t\t\t\t\t\t\t\t\t\t\t\t\t<a href=\"https:\/\/tourisme-en-champagne.com\/activites-cote-des-blancs\/\">\n\t\t\t\t\t\t\t\t\t\t\t<div class=\"thumbnail\"><img loading=\"lazy\" decoding=\"async\" width=\"150\" height=\"150\" src=\"https:\/\/tourisme-en-champagne.com\/assets\/uploads\/2026\/01\/festival.svg\" class=\"attachment-thumbnail size-thumbnail\" alt=\"Picto F\u00eates et manifestations\" title=\"\"><\/div>\n\t\t\t\t\t\t\t\t\t\t\t\t\t\t\t<div class=\"text-link-title\">\n\t\t\t\t\t\t\t\t\t\t\t\t\t<h2 class=\"link-title\">Activit\u00e9s<\/h2>\n\t\t\t\t\t\t\t\t\t\t\t\t\t\t\t\t\t<\/div>\n\t\t\t\t<\/a>\n\t\t\t\t\t\t\t\t\t\t\t\n\t<\/div>\n\n<\/section>\n\n<section class=\"wp-block-group alignfull pattern-playlist-grid has-global-padding is-layout-constrained wp-block-group-is-layout-constrained\">\n<h2 class=\"wp-block-heading has-text-align-center\"><strong>Noch mehr Entdeckungen<\/strong><\/h2>\n\n\n\n<hr class=\"wp-block-separator has-text-color has-accent-3-color has-alpha-channel-opacity has-accent-3-background-color has-background\"\/>\n\n\n\t\t\t<div class=\"fsgb-block-playlist playlist-grid is-style-grid\"  style=\"margin-top:var(--wp--preset--spacing--x-large);\">\n\t\t\t\t\n\t\t\t\n\t\t\t<div class=\"swiper swiperPlaylistGrid\">\n\n\t\t\t\t<div class=\"swiper-wrapper posts-count-2\">\n\t\t\t\t\t\t\t\t\t\t\t\t\t\t\t\t\t<div class=\"swiper-slide \">\n\t\t\t\t\t\t\t\n<article class=\"card card--activite stretched-link\" data-id=\"28314\" data-post-id-sync-map=\"28314\" >\n\t\n\t\t\n\t\t\t\t<div class=\"card__thumbnail has-middleground-background-color stack\">\n\t\t\t<img decoding=\"async\" width=\"2048\" src=\"https:\/\/cdt51.media.tourinsoft.eu\/upload\/1-160.jpg\" class=\"attachment- size-\" alt=\"Mus\u00e9e de la Victoire de la Marne\" srcset=\"https:\/\/cdt51.media.tourinsoft.eu\/upload\/1-160.jpg?width=400 400w, https:\/\/cdt51.media.tourinsoft.eu\/upload\/1-160.jpg?width=640 640w, https:\/\/cdt51.media.tourinsoft.eu\/upload\/1-160.jpg?width=768 768w, https:\/\/cdt51.media.tourinsoft.eu\/upload\/1-160.jpg?width=1280 1280w, https:\/\/cdt51.media.tourinsoft.eu\/upload\/1-160.jpg?width=1536&amp;height=1536 1536w, https:\/\/cdt51.media.tourinsoft.eu\/upload\/1-160.jpg?width=2048&amp;height=2048 2048w\" sizes=\"(max-width: 2048px) 100vw, 2048px\" title=\"\">\t\t<\/div>\n\t\n\t\t<div class=\"card__content\">\n\t\t\t\n\t\t\t\t\t\t\t\t\t\n\t\t\t\t\t\t\t\t\t\n\t\t\t\t\t\t<h3 class=\"title wp-block-heading is-style-h3\">\n\t\t\t\t<a href=\"https:\/\/tourisme-en-champagne.com\/de\/activite\/musee-de-la-victoire-de-la-marne-2\/\" target=\"_blank\">Mus\u00e9e de la Victoire de la Marne<\/a>\t\t\t\t\t\t\t<\/h3>\n\t\t\t\n\t\t\t\t\t\t\t\t\t\n\t\t\t\t\t\t<div class=\"underlined\"><\/div>\n\t\t\n\t\t\t\t\t\t\t\t\t\t<div class=\"location\">\n\t\t\t\t\tMondement-Montgivroux\t\t\t\t<\/div>\n\t\t\t\t\t\t\n\t\t\t\t\t\t\t\t\t\n\t\t\t\t\t\t\t\t\t\n\t\t\t\t\t\t\t\t\t\n\t\t\t\t\t\t\t\n\t\t\t\t\t\t\t\t\t\t\t\t\t\t\t\t\n\t\t\t\t\t\t\t\t\t\t<div class=\"wp-block-button\">\n\t\t\t\t\t<a class=\"wp-element-button rounded\" href=\"https:\/\/tourisme-en-champagne.com\/de\/activite\/musee-de-la-victoire-de-la-marne-2\/\" target=\"_blank\" aria-label=\"Mehr erfahren \u00fcber Mus\u00e9e de la Victoire de la Marne\">Mehr erfahren<\/a>\n\t\t\t\t<\/div>\n\t\t\t \n\t\t<\/div>\n\t\t\n\n\t\t<\/article>\n\n\t\t\t\t\t\t<\/div>\n\t\t\t\t\t\t\t\t\t\t\t\t\t\t\t\t\t<div class=\"swiper-slide \">\n\t\t\t\t\t\t\t\n<article class=\"card card--activite stretched-link\" data-id=\"28537\" data-post-id-sync-map=\"28537\" >\n\t\n\t\t\n\t\t\t\t<div class=\"card__thumbnail has-middleground-background-color stack\">\n\t\t\t<img decoding=\"async\" width=\"2048\" src=\"https:\/\/cdt51.media.tourinsoft.eu\/upload\/PNRMR-Abbaye15-Hautvillers-2015.JPG\" class=\"attachment- size-\" alt=\"Coteaux, Maisons et Caves de Champagne\" srcset=\"https:\/\/cdt51.media.tourinsoft.eu\/upload\/PNRMR-Abbaye15-Hautvillers-2015.JPG?width=400 400w, https:\/\/cdt51.media.tourinsoft.eu\/upload\/PNRMR-Abbaye15-Hautvillers-2015.JPG?width=640 640w, https:\/\/cdt51.media.tourinsoft.eu\/upload\/PNRMR-Abbaye15-Hautvillers-2015.JPG?width=768 768w, https:\/\/cdt51.media.tourinsoft.eu\/upload\/PNRMR-Abbaye15-Hautvillers-2015.JPG?width=1280 1280w, https:\/\/cdt51.media.tourinsoft.eu\/upload\/PNRMR-Abbaye15-Hautvillers-2015.JPG?width=1536&amp;height=1536 1536w, https:\/\/cdt51.media.tourinsoft.eu\/upload\/PNRMR-Abbaye15-Hautvillers-2015.JPG?width=2048&amp;height=2048 2048w\" sizes=\"(max-width: 2048px) 100vw, 2048px\" title=\"\">\t\t<\/div>\n\t\n\t\t<div class=\"card__content\">\n\t\t\t\n\t\t\t\t\t\t\t\t\t\n\t\t\t\t\t\t\t\t\t\n\t\t\t\t\t\t<h3 class=\"title wp-block-heading is-style-h3\">\n\t\t\t\t<a href=\"https:\/\/tourisme-en-champagne.com\/de\/activite\/coteaux-maisons-et-caves-de-champagne\/\" target=\"_blank\">Coteaux, Maisons et Caves de Champagne<\/a>\t\t\t\t\t\t\t<\/h3>\n\t\t\t\n\t\t\t\t\t\t\t\t\t\n\t\t\t\t\t\t<div class=\"underlined\"><\/div>\n\t\t\n\t\t\t\t\t\t\t\t\t\t<div class=\"location\">\n\t\t\t\t\tHautvillers\t\t\t\t<\/div>\n\t\t\t\t\t\t\n\t\t\t\t\t\t\t\t\t\n\t\t\t\t\t\t\t\t\t\n\t\t\t\t\t\t\t\t\t\n\t\t\t\t\t\t\t\t\t\t<div class=\"descriptif\">Im Herzen des Champagne Bereichs Entwicklung, gut \u201eCoteaux, H\u00e4user und Keller der Champagne\u201c auf &#8230;<\/div>\n\t\t\t\t\n\t\t\t\t\t\t\t\t\t\t\t\t\t\t\t\t\n\t\t\t\t\t\t\t\t\t\t<div class=\"wp-block-button\">\n\t\t\t\t\t<a class=\"wp-element-button rounded\" href=\"https:\/\/tourisme-en-champagne.com\/de\/activite\/coteaux-maisons-et-caves-de-champagne\/\" target=\"_blank\" aria-label=\"Mehr erfahren \u00fcber Coteaux, Maisons et Caves de Champagne\">Mehr erfahren<\/a>\n\t\t\t\t<\/div>\n\t\t\t \n\t\t<\/div>\n\t\t\n\n\t\t<\/article>\n\n\t\t\t\t\t\t<\/div>\n\t\t\t\t\t\t\t\t\t\t\t\t\t\t<\/div>\n\t\t\t\t\n\t\t\t\t<div class=\"swiper-buttons\">\n\t\t\t\t\t<div class=\"swiper-button-prev\"><\/div>\n\t\t\t\t\t<div class=\"swiper-button-next\"><\/div>\n\t\t\t\t<\/div>\n\t\t\t<\/div>\n\t\t<\/div>\n\t\n<\/section>\n","protected":false},"excerpt":{"rendered":"<p>TOURISTISCHE ROUTE DURCH DEN CHAMPAGNERRUNDREISE AB EPERNAY Votre parcours commence \u00e0\u00a0Epernay, Capitale du Champagne. Avant de prendre la route, prenez le temps de d\u00e9couvrir la ville et ses points de vue embl\u00e9matiques. Depuis le\u00a0Mont Bernon, v\u00e9ritable belv\u00e9d\u00e8re naturel, profitez d\u2019un panorama d\u00e9gag\u00e9 sur \u00c9pernay, la Vall\u00e9e de la Marne et les\u00a0prestigieux\u00a0coteaux\u00a0du vignoble champenois. Poursuivez la [&hellip;]<\/p>\n","protected":false},"author":2,"featured_media":14980,"parent":20604,"menu_order":0,"comment_status":"closed","ping_status":"closed","template":"templates\/thematique.php","meta":{"_acf_changed":false,"footnotes":"","_links_to":"","_links_to_target":""},"class_list":["post-19782","page","type-page","status-publish","has-post-thumbnail","hentry"],"acf":[],"_links":{"self":[{"href":"https:\/\/tourisme-en-champagne.com\/de\/wp-json\/wp\/v2\/pages\/19782","targetHints":{"allow":["GET"]}}],"collection":[{"href":"https:\/\/tourisme-en-champagne.com\/de\/wp-json\/wp\/v2\/pages"}],"about":[{"href":"https:\/\/tourisme-en-champagne.com\/de\/wp-json\/wp\/v2\/types\/page"}],"author":[{"embeddable":true,"href":"https:\/\/tourisme-en-champagne.com\/de\/wp-json\/wp\/v2\/users\/2"}],"replies":[{"embeddable":true,"href":"https:\/\/tourisme-en-champagne.com\/de\/wp-json\/wp\/v2\/comments?post=19782"}],"version-history":[{"count":3,"href":"https:\/\/tourisme-en-champagne.com\/de\/wp-json\/wp\/v2\/pages\/19782\/revisions"}],"predecessor-version":[{"id":26298,"href":"https:\/\/tourisme-en-champagne.com\/de\/wp-json\/wp\/v2\/pages\/19782\/revisions\/26298"}],"up":[{"embeddable":true,"href":"https:\/\/tourisme-en-champagne.com\/de\/wp-json\/wp\/v2\/pages\/20604"}],"wp:featuredmedia":[{"embeddable":true,"href":"https:\/\/tourisme-en-champagne.com\/de\/wp-json\/wp\/v2\/media\/14980"}],"wp:attachment":[{"href":"https:\/\/tourisme-en-champagne.com\/de\/wp-json\/wp\/v2\/media?parent=19782"}],"curies":[{"name":"wp","href":"https:\/\/api.w.org\/{rel}","templated":true}]}}