{"id":19747,"date":"2025-07-28T12:24:12","date_gmt":"2025-07-28T10:24:12","guid":{"rendered":"https:\/\/tourisme-en-champagne.com\/wandern-in-der-argonne\/"},"modified":"2025-11-28T15:59:16","modified_gmt":"2025-11-28T14:59:16","slug":"wandern-in-der-argonne","status":"publish","type":"page","link":"https:\/\/tourisme-en-champagne.com\/de\/freizeit-und-sportaktivitaeten\/wanderungen-in-der-champagne\/wandern-in-der-argonne\/","title":{"rendered":"Wandern in der Argonne"},"content":{"rendered":"\n<section class=\"wp-block-group alignfull pattern-text has-global-padding is-content-justification-center is-layout-constrained wp-block-group-is-layout-constrained\">\n<div class=\"wp-block-columns is-layout-flex wp-container-core-columns-is-layout-fdcf44e1 wp-block-columns-is-layout-flex\">\n<div class=\"wp-block-column is-layout-flow wp-block-column-is-layout-flow\">\n<h2 class=\"wp-block-heading\"><strong>Die Argonne, die gr\u00fcne Lunge der Marne<\/strong><\/h2>\n\n\n\n<hr class=\"wp-block-separator has-text-color has-grey-color has-alpha-channel-opacity has-grey-background-color has-background\"\/>\n\n\n\n<p class=\"has-text-align-left wp-block-paragraph\">Als Naturliebhaber wird Sie <a href=\"https:\/\/tourisme-en-champagne.com\/de\/reiseziele-mit-tausend-gesichtern\/sainte-menehould-umgebung\/\" target=\"_blank\" data-type=\"page\" data-id=\"2632\" rel=\"noreferrer noopener\">die Argonne<\/a> mit ihren ausgedehnten W\u00e4ldern, gr\u00fcnen Wiesen, zahlreichen Teichen und Naturd\u00f6rfern begeistern.<\/p>\n\n\n\n<p class=\"wp-block-paragraph\">Entdecken Sie die zahlreichen markierten Wanderwege: Gesundheitswege, thematische Naturwanderungen oder Ausfl\u00fcge, die von den Wandervereinen angeboten werden, es gibt eine Vielzahl von Ideen f\u00fcr Spazierg\u00e4nge!<\/p>\n\n\n\n<p class=\"has-text-align-left wp-block-paragraph\"><strong><em>Praktische Informationen :<\/em><\/strong><br\/><em>F\u00fcr noch mehr Ideen f\u00fcr Spazierg\u00e4nge ist eine Mappe mit 14 Wanderkarten beim<a href=\"http:\/\/www.argonne.fr\/je-bouge-et-profite\/randonnees\/randonnee-pedestre\/\" target=\"_blank\" rel=\"noreferrer noopener\"> Fremdenverkehrsamt von Sainte-M\u00e9nehould <\/a> erh\u00e4ltlich. <\/em> <\/p>\n<\/div>\n<\/div>\n<\/section>\n\n<div class=\"wp-block-group alignfull has-global-padding is-layout-constrained wp-block-group-is-layout-constrained\"><p><script type=\"text\/javascript\" src=\"https:\/\/www.modulesbox.com\/js\/module-loader.js\" id=\"mb-module-loader\"><\/script><br \/>\n<script type=\"text\/javascript\">\n    mbLoadModule({ id: 87021, locale: \"fr\" });\n<\/script><\/p>\n<div id=\"mb-module-87021\"><\/div>\n<\/div>\n\n<section style=\"background-image:url(&apos;https:\/\/tourisme-en-champagne.com\/assets\/uploads\/2025\/07\/fern-3362040-1920.jpg&apos;);background-position:50% 50%;background-size:cover;background-attachment:scroll;\" class=\"wp-block-group alignfull pattern-text-50-left-background has-base-color has-text-color has-link-color wp-elements-f0deae674599053415173eb7c4e4e11c has-global-padding is-layout-constrained wp-block-group-is-layout-constrained has-background\">\n<div class=\"wp-block-columns is-layout-flex wp-container-core-columns-is-layout-fdcf44e1 wp-block-columns-is-layout-flex\">\n<div class=\"wp-block-column is-layout-flow wp-block-column-is-layout-flow\">\n<h2 class=\"wp-block-heading\"><strong>Gute Praktiken<\/strong><\/h2>\n\n\n\n<hr class=\"wp-block-separator has-text-color has-base-color has-alpha-channel-opacity has-base-background-color has-background\"\/>\n\n\n\n<p class=\"wp-block-paragraph\">Barrieren und Z\u00e4une dienen dem Schutz von Herden oder Kulturen.<\/p>\n\n\n\n<p class=\"wp-block-paragraph\">Hunde m\u00fcssen an der Leine gehalten werden<\/p>\n\n\n\n<p class=\"wp-block-paragraph\">Seien Sie diskret, denn wilde Tiere sind scheu, so dass sie leichter zu beobachten sind.<\/p>\n<\/div>\n\n\n\n<div class=\"wp-block-column is-layout-flow wp-block-column-is-layout-flow\"><\/div>\n<\/div>\n<\/section>\n\n<section class=\"wp-block-group alignfull pattern-playlist-grid has-global-padding is-layout-constrained wp-block-group-is-layout-constrained\">\n<h2 class=\"wp-block-heading has-text-align-center\"><strong>Andere Tourenvorschl\u00e4ge<\/strong><\/h2>\n\n\n\n<hr class=\"wp-block-separator has-text-color has-accent-3-color has-alpha-channel-opacity has-accent-3-background-color has-background\"\/>\n\n\n\t\t\t<div class=\"fsgb-block-playlist playlist-grid is-style-grid\"  style=\"margin-top:var(--wp--preset--spacing--x-large);\">\n\t\t\t\t\n\t\t\t\n\t\t\t<div class=\"swiper swiperPlaylistGrid\">\n\n\t\t\t\t<div class=\"swiper-wrapper posts-count-2\">\n\t\t\t\t\t\t\t\t\t\t\t\t\t\t\t\t\t<div class=\"swiper-slide \">\n\t\t\t\t\t\t\t\n<article class=\"card card--itineraire stretched-link\" data-id=\"26178\" data-post-id-sync-map=\"26178\" >\n\t\n\t\t\n\t\t\t\t<div class=\"card__thumbnail has-middleground-background-color stack\">\n\t\t\t<img decoding=\"async\" width=\"2048\" src=\"https:\/\/cdt51.media.tourinsoft.eu\/upload\/Etangs-de-Chatrices---Villers-en-Argonne-G.Pate-Coll.jpg\" class=\"attachment- size-\" alt=\"PR 3 Circuit des \u00e9tangs de Ch\u00e2trices\" srcset=\"https:\/\/cdt51.media.tourinsoft.eu\/upload\/Etangs-de-Chatrices---Villers-en-Argonne-G.Pate-Coll.jpg?width=400 400w, https:\/\/cdt51.media.tourinsoft.eu\/upload\/Etangs-de-Chatrices---Villers-en-Argonne-G.Pate-Coll.jpg?width=640 640w, https:\/\/cdt51.media.tourinsoft.eu\/upload\/Etangs-de-Chatrices---Villers-en-Argonne-G.Pate-Coll.jpg?width=768 768w, https:\/\/cdt51.media.tourinsoft.eu\/upload\/Etangs-de-Chatrices---Villers-en-Argonne-G.Pate-Coll.jpg?width=1280 1280w, https:\/\/cdt51.media.tourinsoft.eu\/upload\/Etangs-de-Chatrices---Villers-en-Argonne-G.Pate-Coll.jpg?width=1536&amp;height=1536 1536w, https:\/\/cdt51.media.tourinsoft.eu\/upload\/Etangs-de-Chatrices---Villers-en-Argonne-G.Pate-Coll.jpg?width=2048&amp;height=2048 2048w\" sizes=\"(max-width: 2048px) 100vw, 2048px\" title=\"\">\t\t<\/div>\n\t\n\t\t<div class=\"card__content\">\n\t\t\t\n\t\t\t\t\t\t\t\t\t\n\t\t\t\t\t\t\t\t\t\n\t\t\t\t\t\t<h3 class=\"title wp-block-heading is-style-h3\">\n\t\t\t\t<a href=\"https:\/\/tourisme-en-champagne.com\/de\/itineraire\/pr-3-circuit-des-etangs-de-chatrices\/\" target=\"_blank\">PR 3 Circuit des \u00e9tangs de Ch\u00e2trices<\/a>\t\t\t\t\t\t\t<\/h3>\n\t\t\t\n\t\t\t\t\t\t\t\t\t\n\t\t\t\t\t\t<div class=\"underlined\"><\/div>\n\t\t\n\t\t\t\t\t\t\t\t\t\t<div class=\"location\">\n\t\t\t\t\tChatrices\t\t\t\t<\/div>\n\t\t\t\t\t\t\n\t\t\t\t\t\t\t\t\t\n\t\t\t\t\t\t\t\t\t\n\t\t\t\t\t\t\t\t\t\n\t\t\t\t\t\t\t\t\t\t<div class=\"descriptif\">Dauer der Tour\n2 Std.40 \n\nAnzahl der km\n8 km \n\nName der Ausgangsgemeinde\nCh\u00e2trices \n\nVon der Abte&#8230;<\/div>\n\t\t\t\t\n\t\t\t\t\t\t\t\t\t\t\t\t\t\t\t\t\n\t\t\t\t\t\t\t\t\t\t<div class=\"wp-block-button\">\n\t\t\t\t\t<a class=\"wp-element-button rounded\" href=\"https:\/\/tourisme-en-champagne.com\/de\/itineraire\/pr-3-circuit-des-etangs-de-chatrices\/\" target=\"_blank\" aria-label=\"Mehr erfahren \u00fcber PR 3 Circuit des \u00e9tangs de Ch\u00e2trices\">Mehr erfahren<\/a>\n\t\t\t\t<\/div>\n\t\t\t \n\t\t<\/div>\n\t\t\n\n\t\t<\/article>\n\n\t\t\t\t\t\t<\/div>\n\t\t\t\t\t\t\t\t\t\t\t\t\t\t\t\t\t<div class=\"swiper-slide \">\n\t\t\t\t\t\t\t\n<article class=\"card card--itineraire stretched-link\" data-id=\"26183\" data-post-id-sync-map=\"26183\" >\n\t\n\t\t\n\t\t\t\t<div class=\"card__thumbnail has-middleground-background-color stack\">\n\t\t\t<img decoding=\"async\" width=\"2048\" src=\"https:\/\/cdt51.media.tourinsoft.eu\/upload\/etang-2.JPG\" class=\"attachment- size-\" alt=\"PR 6 Circuit des \u00e9tangs de Givry\" srcset=\"https:\/\/cdt51.media.tourinsoft.eu\/upload\/etang-2.JPG?width=400 400w, https:\/\/cdt51.media.tourinsoft.eu\/upload\/etang-2.JPG?width=640 640w, https:\/\/cdt51.media.tourinsoft.eu\/upload\/etang-2.JPG?width=768 768w, https:\/\/cdt51.media.tourinsoft.eu\/upload\/etang-2.JPG?width=1280 1280w, https:\/\/cdt51.media.tourinsoft.eu\/upload\/etang-2.JPG?width=1536&amp;height=1536 1536w, https:\/\/cdt51.media.tourinsoft.eu\/upload\/etang-2.JPG?width=2048&amp;height=2048 2048w\" sizes=\"(max-width: 2048px) 100vw, 2048px\" title=\"\">\t\t<\/div>\n\t\n\t\t<div class=\"card__content\">\n\t\t\t\n\t\t\t\t\t\t\t\t\t\n\t\t\t\t\t\t\t\t\t\n\t\t\t\t\t\t<h3 class=\"title wp-block-heading is-style-h3\">\n\t\t\t\t<a href=\"https:\/\/tourisme-en-champagne.com\/de\/itineraire\/pr-6-circuit-des-etangs-de-givry\/\" target=\"_blank\">PR 6 Circuit des \u00e9tangs de Givry<\/a>\t\t\t\t\t\t\t<\/h3>\n\t\t\t\n\t\t\t\t\t\t\t\t\t\n\t\t\t\t\t\t<div class=\"underlined\"><\/div>\n\t\t\n\t\t\t\t\t\t\t\t\t\t<div class=\"location\">\n\t\t\t\t\tGivry-En-Argonne\t\t\t\t<\/div>\n\t\t\t\t\t\t\n\t\t\t\t\t\t\t\t\t\n\t\t\t\t\t\t\t\t\t\n\t\t\t\t\t\t\t\t\t\n\t\t\t\t\t\t\t\t\t\t<div class=\"descriptif\">Anzahl der km\n14 km\n\nName der Ausgangsgemeinde\nGivry-en-Argonne\n\nIst es der Wind, der pl\u00f6tzlich d&#8230;<\/div>\n\t\t\t\t\n\t\t\t\t\t\t\t\t\t\t\t\t\t\t\t\t\n\t\t\t\t\t\t\t\t\t\t<div class=\"wp-block-button\">\n\t\t\t\t\t<a class=\"wp-element-button rounded\" href=\"https:\/\/tourisme-en-champagne.com\/de\/itineraire\/pr-6-circuit-des-etangs-de-givry\/\" target=\"_blank\" aria-label=\"Mehr erfahren \u00fcber PR 6 Circuit des \u00e9tangs de Givry\">Mehr erfahren<\/a>\n\t\t\t\t<\/div>\n\t\t\t \n\t\t<\/div>\n\t\t\n\n\t\t<\/article>\n\n\t\t\t\t\t\t<\/div>\n\t\t\t\t\t\t\t\t\t\t\t\t\t\t<\/div>\n\t\t\t\t\n\t\t\t\t<div class=\"swiper-buttons\">\n\t\t\t\t\t<div class=\"swiper-button-prev\"><\/div>\n\t\t\t\t\t<div class=\"swiper-button-next\"><\/div>\n\t\t\t\t<\/div>\n\t\t\t<\/div>\n\t\t<\/div>\n\t\n<\/section>\n","protected":false},"excerpt":{"rendered":"<p>Die Argonne, die gr\u00fcne Lunge der Marne Als Naturliebhaber wird Sie die Argonne mit ihren ausgedehnten W\u00e4ldern, gr\u00fcnen Wiesen, zahlreichen Teichen und Naturd\u00f6rfern begeistern. Entdecken Sie die zahlreichen markierten Wanderwege: Gesundheitswege, thematische Naturwanderungen oder Ausfl\u00fcge, die von den Wandervereinen angeboten werden, es gibt eine Vielzahl von Ideen f\u00fcr Spazierg\u00e4nge! Praktische Informationen :F\u00fcr noch mehr Ideen [&hellip;]<\/p>\n","protected":false},"author":2,"featured_media":15126,"parent":20616,"menu_order":0,"comment_status":"closed","ping_status":"closed","template":"templates\/editorial-content.php","meta":{"_acf_changed":false,"footnotes":"","_links_to":"","_links_to_target":""},"class_list":["post-19747","page","type-page","status-publish","has-post-thumbnail","hentry"],"acf":[],"_links":{"self":[{"href":"https:\/\/tourisme-en-champagne.com\/de\/wp-json\/wp\/v2\/pages\/19747","targetHints":{"allow":["GET"]}}],"collection":[{"href":"https:\/\/tourisme-en-champagne.com\/de\/wp-json\/wp\/v2\/pages"}],"about":[{"href":"https:\/\/tourisme-en-champagne.com\/de\/wp-json\/wp\/v2\/types\/page"}],"author":[{"embeddable":true,"href":"https:\/\/tourisme-en-champagne.com\/de\/wp-json\/wp\/v2\/users\/2"}],"replies":[{"embeddable":true,"href":"https:\/\/tourisme-en-champagne.com\/de\/wp-json\/wp\/v2\/comments?post=19747"}],"version-history":[{"count":2,"href":"https:\/\/tourisme-en-champagne.com\/de\/wp-json\/wp\/v2\/pages\/19747\/revisions"}],"predecessor-version":[{"id":20998,"href":"https:\/\/tourisme-en-champagne.com\/de\/wp-json\/wp\/v2\/pages\/19747\/revisions\/20998"}],"up":[{"embeddable":true,"href":"https:\/\/tourisme-en-champagne.com\/de\/wp-json\/wp\/v2\/pages\/20616"}],"wp:featuredmedia":[{"embeddable":true,"href":"https:\/\/tourisme-en-champagne.com\/de\/wp-json\/wp\/v2\/media\/15126"}],"wp:attachment":[{"href":"https:\/\/tourisme-en-champagne.com\/de\/wp-json\/wp\/v2\/media?parent=19747"}],"curies":[{"name":"wp","href":"https:\/\/api.w.org\/{rel}","templated":true}]}}