{"id":19533,"date":"2025-07-31T15:06:26","date_gmt":"2025-07-31T13:06:26","guid":{"rendered":"https:\/\/tourisme-en-champagne.com\/beruehmte-persoenlichkeiten\/"},"modified":"2025-11-28T16:28:08","modified_gmt":"2025-11-28T15:28:08","slug":"beruehmte-persoenlichkeiten","status":"publish","type":"page","link":"https:\/\/tourisme-en-champagne.com\/de\/aktivitaeten-besuche\/kultur-kulturerbe\/beruehmte-persoenlichkeiten\/","title":{"rendered":"Ber\u00fchmte Pers\u00f6nlichkeiten"},"content":{"rendered":"\n<section class=\"wp-block-group alignfull pattern-text-50-media-50 has-global-padding is-layout-constrained wp-block-group-is-layout-constrained\">\n<div class=\"wp-block-columns is-layout-flex wp-container-core-columns-is-layout-63fbf5b9 wp-block-columns-is-layout-flex\">\n<div class=\"wp-block-column is-layout-flow wp-block-column-is-layout-flow\">\n<h2 class=\"wp-block-heading\"><strong>Bekannte Dichter und Schriftsteller &#8230;<\/strong><\/h2>\n\n\n\n<hr class=\"wp-block-separator has-text-color has-grey-color has-alpha-channel-opacity has-grey-background-color has-background\"\/>\n\n\n\n<p class=\"wp-block-paragraph\">Die Trag\u00f6din <strong>Adrienne Lecouvreur<\/strong> (1692 &#8211; 1730) stammte aus dem charmanten Dorf Damery in der N\u00e4he von Epernay. <strong>Victor Hugo<\/strong> selbst hielt sich auf seinen Reisen im Schloss Montmort-Lucy auf und beschrieb sehr sch\u00f6n das &#8222;Tohuwabohu aus T\u00fcrmchen, Wetterfahnen, Giebeln, Dachfenstern und Kaminen&#8220; oder die Basilika von Epine, die er in &#8222;Der Rhein&#8220; erw\u00e4hnt.<\/p>\n\n\n\n<p class=\"wp-block-paragraph\">Wer wei\u00df, dass im Ersten Weltkrieg 1915 in Mourmelon-le-Grand, im Herzen der Monts-de-Champagne, Wilhem Appolinaris de Kostrowitzhy, genannt <strong>Guillaume Appolinaire<\/strong>, k\u00e4mpfte, dass <strong>Blaise Cendrars <\/strong>, der &#8222;Autor der abgeschnittenen Hand&#8220;, auf dem Hof von Navarin k\u00e4mpfte, oder dass Fernand L\u00e9ger, ein Milit\u00e4rsanit\u00e4ter, im September 1914 die Kathedrale von Reims in Flammen sah? <strong>Robert Hossein<\/strong>, der ber\u00fchmte Regisseur, verbrachte ebenfalls einen Teil seiner beruflichen Laufbahn in Reims, als er von 1971 bis 1978 Direktor des Centre d&#8217;art dramatique de Reims (seither &#8222;Com\u00e9die de Reims&#8220; genannt) war.<\/p>\n<\/div>\n\n\n\n<div class=\"wp-block-column is-layout-flow wp-block-column-is-layout-flow\">\n<figure class=\"wp-block-image size-full\"><img loading=\"lazy\" decoding=\"async\" width=\"485\" height=\"611\" src=\"https:\/\/tourisme-en-champagne.com\/assets\/uploads\/2025\/07\/basilique-notre-dame-lepinecg-pate-coll-adt-marne7.jpg\" alt=\"\" class=\"wp-image-15486\" title=\"\" srcset=\"https:\/\/tourisme-en-champagne.com\/assets\/uploads\/2025\/07\/basilique-notre-dame-lepinecg-pate-coll-adt-marne7.jpg 485w, https:\/\/tourisme-en-champagne.com\/assets\/uploads\/2025\/07\/basilique-notre-dame-lepinecg-pate-coll-adt-marne7-400x504.jpg 400w\" sizes=\"auto, (max-width: 485px) 100vw, 485px\" \/><\/figure>\n<\/div>\n<\/div>\n<\/section>\n\n<section class=\"wp-block-group alignfull pattern-text-50-media-50 has-middleground-background-color has-background has-global-padding is-layout-constrained wp-block-group-is-layout-constrained\">\n<div class=\"wp-block-columns is-layout-flex wp-container-core-columns-is-layout-63fbf5b9 wp-block-columns-is-layout-flex\">\n<div class=\"wp-block-column is-layout-flow wp-block-column-is-layout-flow\">\n<figure class=\"wp-block-image size-full\"><img loading=\"lazy\" decoding=\"async\" width=\"485\" height=\"485\" src=\"https:\/\/tourisme-en-champagne.com\/assets\/uploads\/2025\/07\/003-duduchotheque-christophe-manquillet021218.jpg\" alt=\"\" class=\"wp-image-15491\" title=\"\" srcset=\"https:\/\/tourisme-en-champagne.com\/assets\/uploads\/2025\/07\/003-duduchotheque-christophe-manquillet021218.jpg 485w, https:\/\/tourisme-en-champagne.com\/assets\/uploads\/2025\/07\/003-duduchotheque-christophe-manquillet021218-400x400.jpg 400w\" sizes=\"auto, (max-width: 485px) 100vw, 485px\" \/><\/figure>\n<\/div>\n\n\n\n<div class=\"wp-block-column is-layout-flow wp-block-column-is-layout-flow\">\n<h2 class=\"wp-block-heading\"><strong>Geniale Erfinder und Zeichner<\/strong><\/h2>\n\n\n\n<hr class=\"wp-block-separator has-text-color has-grey-color has-alpha-channel-opacity has-grey-background-color has-background\"\/>\n\n\n\n<p class=\"wp-block-paragraph\">Die Stadt Ch\u00e2lons-en-Champagne, Pr\u00e4fektur des Departements Marne, ist die Geburtsstadt von <strong>Nicolas Appert<\/strong> (1749 -1841), dem cleveren Erfinder der Konservendose, dem Zeichner <strong>Cabu<\/strong> und <strong>Pierre Dac <\/strong>(1896-1975), einem Humoristen und Chansonnier. Ch\u00e2lons ehrt ihn jedes Jahr mit seinem Chansonierfestival. <\/p>\n\n\n\n<p class=\"wp-block-paragraph\">In Bezug auf Comics stammt <strong>Albert Uderzo<\/strong>, der ber\u00fchmte Vater von Asterix und Obelix, aus Fismes, nordwestlich von Reims. Der Zeichner <strong>Beno\u00eet Sokal<\/strong>, ein Pionier in der Verwendung von Computern in der Welt der Comics, lebt ebenfalls in der Cit\u00e9 des Sacres. <\/p>\n<\/div>\n<\/div>\n<\/section>\n\n<section class=\"wp-block-group alignfull pattern-text has-global-padding is-content-justification-center is-layout-constrained wp-block-group-is-layout-constrained\">\n<div class=\"wp-block-columns is-layout-flex wp-container-core-columns-is-layout-fdcf44e1 wp-block-columns-is-layout-flex\">\n<div class=\"wp-block-column is-layout-flow wp-block-column-is-layout-flow\">\n<h2 class=\"wp-block-heading\"><strong>Ber\u00fchmte Frauen des Champagners<\/strong><\/h2>\n\n\n\n<hr class=\"wp-block-separator has-text-color has-grey-color has-alpha-channel-opacity has-grey-background-color has-background\"\/>\n\n\n\n<p class=\"has-text-align-left wp-block-paragraph\">Was w\u00e4re Champagner ohne Frauen? Mehrere Frauen haben die Magie des Getr\u00e4nks erw\u00e4hnt. Die <g id=\"gid_0\">Marquise de Pompadour<\/g> sagte, er sei &#8222;der einzige Wein, der die Frauen nach dem Trinken sch\u00f6n aussehen l\u00e4sst&#8220;. Und <strong>Marlene Dietrich<\/strong> sagte: &#8222;Er gibt einem das Gef\u00fchl, dass es Sonntag ist und dass die besseren Tage sehr nahe sind&#8220;.   <\/p>\n\n\n\n<p class=\"has-text-align-left wp-block-paragraph\">Jahrhunderts erfand die Grande Dame des Champagners, <strong>Nicole Clicquot-Ponsardin<\/strong>, die Technik des R\u00fcttelns mit den R\u00fctteltischen, mit der sie am russischen Hof und bei ber\u00fchmten Schriftstellern wie M\u00e9rim\u00e9e oder Puschkin gro\u00dfen Erfolg hatte. Auf dem H\u00f6hepunkt ihres Ruhms lie\u00df sie sich in Boursault ein pr\u00e4chtiges Schloss im Neo-Renaissance-Stil bauen, das von Chambord inspiriert wurde. Eine weitere Frau, die f\u00fcr den Champagner steht, ist <strong>Jeanne Pommery<\/strong>, die das Schicksal des gleichnamigen Hauses in die Hand nahm: 1861 lie\u00df sie einen Brut-Champagner (mit wenig Zucker) herstellen und vermarktete ihn erfolgreich auf dem englischen Markt. Heute ist der Brut-Champagner der meistverkaufte Champagner der Welt.   <\/p>\n<\/div>\n<\/div>\n<\/section>\n\n<section class=\"wp-block-group alignfull pattern-text has-base-color has-brown-background-color has-text-color has-background has-link-color wp-elements-f8e87df25cfa9620a5e96bf73e6a096e has-global-padding is-content-justification-center is-layout-constrained wp-block-group-is-layout-constrained\">\n<div class=\"wp-block-columns is-layout-flex wp-container-core-columns-is-layout-fdcf44e1 wp-block-columns-is-layout-flex\">\n<div class=\"wp-block-column is-layout-flow wp-block-column-is-layout-flow\">\n<h2 class=\"wp-block-heading has-grey-color has-text-color has-link-color wp-elements-182bea2e7b296320f9c881edf481882d\"><strong><br\/>Journalisten und Sportler<\/strong><\/h2>\n\n\n\n<hr class=\"wp-block-separator has-text-color has-grey-color has-alpha-channel-opacity has-grey-background-color has-background\"\/>\n\n\n\n<p class=\"has-text-align-left wp-block-paragraph\">Der Journalist<strong> Patrick Poivre d&#8217;Arvor<\/strong> wurde in Reims geboren und verbrachte hier seine ersten Lebensjahre. <strong>Louis Bodin<\/strong>, Wettermann bei TF1 und RTL und in <strong>Reims <\/strong>geboren, wurde in der Kathedrale mit Champagner getauft&#8230;.<\/p>\n\n\n\n<p class=\"wp-block-paragraph\"><strong>Daniel Rondeau<\/strong>, Journalist und Romanautor aus der Champagne, wurde in Le <strong>Mesnil sur Oger <\/strong>in der Marne geboren und kehrt gerne in die Gegend seiner Kindheit zur\u00fcck, um sich zu erholen.<\/p>\n\n\n\n<p class=\"wp-block-paragraph\">Der in <strong>Epernay<\/strong> geborene <strong>Yohann Diniz<\/strong> liebt es, durch die Weinberge zu wandern. Auf dem Montagne de Reims, an Spots wie Verzy und Verzenay. Er kehrt auch gerne nach Moussy, Chavot-Courcourt, Pierry und A\u00ff zur\u00fcck, wo er fr\u00fcher wohnte. &#8222;Er sagte: &#8222;Es gibt wirklich viele sch\u00f6ne kleine Spazierg\u00e4nge in diesem Departement.     <\/p>\n\n\n\n<p class=\"has-text-align-left wp-block-paragraph\">Die Radsportmeisterin <strong>Pauline Ferrand-Pr\u00e9vot<\/strong> wurde ebenfalls in <strong>Reims<\/strong> geboren und hat hier lange Zeit gelebt.<\/p>\n<\/div>\n<\/div>\n<\/section>\n\n<section style=\"background-image:url(&apos;https:\/\/tourisme-en-champagne.com\/assets\/uploads\/2025\/07\/statue-dom-perignon-sainte-menehouldcp-sauvageot-coll-adt-marne.jpg&apos;);background-position:50% 50%;background-size:cover;background-attachment:scroll;\" class=\"wp-block-group alignfull pattern-text-50-left-background has-base-color has-text-color has-link-color wp-elements-347324711f1ddcbb759f853f32310af8 has-global-padding is-layout-constrained wp-block-group-is-layout-constrained has-background\">\n<div class=\"wp-block-columns is-layout-flex wp-container-core-columns-is-layout-fdcf44e1 wp-block-columns-is-layout-flex\">\n<div class=\"wp-block-column is-layout-flow wp-block-column-is-layout-flow\">\n<h2 class=\"wp-block-heading\"><strong>Dom Perignon<\/strong><\/h2>\n\n\n\n<hr class=\"wp-block-separator has-text-color has-base-color has-alpha-channel-opacity has-base-background-color has-background\"\/>\n\n\n\n<h3 class=\"wp-block-heading\">Zwischen Geschichte und Legende<\/h3>\n\n\n\n<p class=\"wp-block-paragraph\">Es war der mythische Kellerm\u00f6nch Dom P\u00e9rignon (1639-1715), ein Zeitgenosse von K\u00f6nig Ludwig XIV, der dem Champagner seinen Adelsbrief verlieh: Zugabe von Zucker zur Schaumbildung, schnelle und fraktionierte Pressung, um einen wei\u00dfen Saft zu erzeugen, Zusammenstellung mehrerer Jahrg\u00e4nge, Korken, um Frische und Schaum zu bewahren, Verst\u00e4rkung der Flaschen&#8230;<br\/>Ihm werden viele wichtige Erfindungen zugeschrieben, die die Jahrhunderte \u00fcberdauert haben und den Champagner in einen au\u00dfergew\u00f6hnlichen Wein verwandelt haben!<\/p>\n\n\n\n<p class=\"wp-block-paragraph\"><em>Quelle: CIVC<\/em><\/p>\n<\/div>\n\n\n\n<div class=\"wp-block-column is-layout-flow wp-block-column-is-layout-flow\"><\/div>\n<\/div>\n<\/section>\n\n<section class=\"wp-block-group alignfull pattern-text-80-media-20 has-global-padding is-layout-constrained wp-block-group-is-layout-constrained\">\n<div class=\"wp-block-columns is-layout-flex wp-container-core-columns-is-layout-fdcf44e1 wp-block-columns-is-layout-flex\">\n<div class=\"wp-block-column is-layout-flow wp-block-column-is-layout-flow\" style=\"flex-basis:20%\">\n<figure data-wp-context=\"{&quot;imageId&quot;:&quot;6a9726a285bfb&quot;}\" data-wp-interactive=\"core\/image\" data-wp-key=\"6a9726a285bfb\" class=\"wp-block-image size-full wp-lightbox-container\"><img loading=\"lazy\" decoding=\"async\" width=\"170\" height=\"210\" data-wp-class--hide=\"state.isContentHidden\" data-wp-class--show=\"state.isContentVisible\" data-wp-init=\"callbacks.setButtonStyles\" data-wp-on--click=\"actions.showLightbox\" data-wp-on--load=\"callbacks.setButtonStyles\" data-wp-on--pointerdown=\"actions.preloadImage\" data-wp-on--pointerenter=\"actions.preloadImageWithDelay\" data-wp-on--pointerleave=\"actions.cancelPreload\" data-wp-on-window--resize=\"callbacks.setButtonStyles\" src=\"https:\/\/tourisme-en-champagne.com\/assets\/uploads\/2025\/07\/secrets-choisis-1.jpg\" alt=\"\" class=\"wp-image-15501\" title=\"\"><button\n\t\t\tclass=\"lightbox-trigger\"\n\t\t\ttype=\"button\"\n\t\t\taria-haspopup=\"dialog\"\n\t\t\tdata-wp-bind--aria-label=\"state.thisImage.triggerButtonAriaLabel\"\n\t\t\tdata-wp-init=\"callbacks.initTriggerButton\"\n\t\t\tdata-wp-on--click=\"actions.showLightbox\"\n\t\t\tdata-wp-style--right=\"state.thisImage.buttonRight\"\n\t\t\tdata-wp-style--top=\"state.thisImage.buttonTop\"\n\t\t>\n\t\t\t<svg xmlns=\"http:\/\/www.w3.org\/2000\/svg\" width=\"12\" height=\"12\" fill=\"none\" viewBox=\"0 0 12 12\">\n\t\t\t\t<path fill=\"#fff\" d=\"M2 0a2 2 0 0 0-2 2v2h1.5V2a.5.5 0 0 1 .5-.5h2V0H2Zm2 10.5H2a.5.5 0 0 1-.5-.5V8H0v2a2 2 0 0 0 2 2h2v-1.5ZM8 12v-1.5h2a.5.5 0 0 0 .5-.5V8H12v2a2 2 0 0 1-2 2H8Zm2-12a2 2 0 0 1 2 2v2h-1.5V2a.5.5 0 0 0-.5-.5H8V0h2Z\" \/>\n\t\t\t<\/svg>\n\t\t<\/button><\/figure>\n<\/div>\n\n\n\n<div class=\"wp-block-column is-layout-flow wp-block-column-is-layout-flow\" style=\"flex-basis:80%\">\n<h2 class=\"wp-block-heading\"><strong>Unsere Botschafter verraten Ihnen ihre Geheimnisse<\/strong><\/h2>\n\n\n\n<hr class=\"wp-block-separator has-text-color has-grey-color has-alpha-channel-opacity has-grey-background-color has-background\"\/>\n\n\n\n<h3 class=\"wp-block-heading has-grey-color has-text-color has-link-color wp-elements-e87e640e2b7a37b3e5a1fcc2450faa04\">Marne Ausgew\u00e4hlte Geheimnisse<\/h3>\n\n\n\n<p class=\"wp-block-paragraph\">In unserer Brosch\u00fcre &#8222;Marne, Secrets choisis&#8220; finden Sie Portr\u00e4ts einiger unserer lokalen Pers\u00f6nlichkeiten, die Ihnen im Laufe der Seiten ihre Geschichte, ihre Anekdoten und ihre geheimen Ecken verraten&#8230;<\/p>\n\n\n\n<div class=\"wp-block-buttons is-layout-flex wp-block-buttons-is-layout-flex\">\n<div class=\"wp-block-button btn-download\"><a class=\"wp-block-button__link has-grey-color has-text-color has-link-color wp-element-button\" href=\"https:\/\/www.calameo.com\/read\/0000852221dfe8305c4b5\" target=\"_blank\" rel=\"noreferrer noopener nofollow\">#1 &#8211; Ausgabe 2020<\/a><\/div>\n\n\n\n<div class=\"wp-block-button btn-download\"><a class=\"wp-block-button__link has-grey-color has-text-color has-link-color wp-element-button\" href=\"https:\/\/www.calameo.com\/read\/000085222e4ae67a67fc7\" target=\"_blank\" rel=\"noreferrer noopener nofollow\">#2 &#8211; Ausgabe 2021<\/a><\/div>\n<\/div>\n<\/div>\n<\/div>\n<\/section>\n\n<section class=\"wp-block-group alignfull pattern-playlist-grid has-global-padding is-layout-constrained wp-block-group-is-layout-constrained\">\n<h2 class=\"wp-block-heading has-text-align-center\"><strong>Rundg\u00e4nge zu ber\u00fchmten Pers\u00f6nlichkeiten<\/strong><\/h2>\n\n\n\n<hr class=\"wp-block-separator has-text-color has-accent-3-color has-alpha-channel-opacity has-accent-3-background-color has-background\"\/>\n\n\n\t\t\t<div class=\"fsgb-block-playlist playlist-grid is-style-grid\"  style=\"margin-top:var(--wp--preset--spacing--x-large);\">\n\t\t\t\t\n\t\t\t\n\t\t\t<div class=\"swiper swiperPlaylistGrid\">\n\n\t\t\t\t<div class=\"swiper-wrapper posts-count-2\">\n\t\t\t\t\t\t\t\t\t\t\t\t\t\t\t\t\t<div class=\"swiper-slide \">\n\t\t\t\t\t\t\t\n<article class=\"card card--activite stretched-link\" data-id=\"27709\" data-post-id-sync-map=\"27709\" >\n\t\n\t\t\n\t\t\t\t<div class=\"card__thumbnail has-middleground-background-color stack\">\n\t\t\t<img decoding=\"async\" width=\"2048\" src=\"https:\/\/cdt51.media.tourinsoft.eu\/upload\/Champagne-Veuve-Clicquot---Reims-SM--7-.JPG\" class=\"attachment- size-\" alt=\"Champagne Veuve Clicquot Ponsardin\" srcset=\"https:\/\/cdt51.media.tourinsoft.eu\/upload\/Champagne-Veuve-Clicquot---Reims-SM--7-.JPG?width=400 400w, https:\/\/cdt51.media.tourinsoft.eu\/upload\/Champagne-Veuve-Clicquot---Reims-SM--7-.JPG?width=640 640w, https:\/\/cdt51.media.tourinsoft.eu\/upload\/Champagne-Veuve-Clicquot---Reims-SM--7-.JPG?width=768 768w, https:\/\/cdt51.media.tourinsoft.eu\/upload\/Champagne-Veuve-Clicquot---Reims-SM--7-.JPG?width=1280 1280w, https:\/\/cdt51.media.tourinsoft.eu\/upload\/Champagne-Veuve-Clicquot---Reims-SM--7-.JPG?width=1536&amp;height=1536 1536w, https:\/\/cdt51.media.tourinsoft.eu\/upload\/Champagne-Veuve-Clicquot---Reims-SM--7-.JPG?width=2048&amp;height=2048 2048w\" sizes=\"(max-width: 2048px) 100vw, 2048px\" title=\"\">\t\t<\/div>\n\t\n\t\t<div class=\"card__content\">\n\t\t\t\n\t\t\t\t\t\t\t\t\t\n\t\t\t\t\t\t\t\t\t\n\t\t\t\t\t\t<h3 class=\"title wp-block-heading is-style-h3\">\n\t\t\t\t<a href=\"https:\/\/tourisme-en-champagne.com\/de\/activite\/champagne-veuve-clicquot-ponsardin\/\" target=\"_blank\">Champagne Veuve Clicquot Ponsardin<\/a>\t\t\t\t\t\t\t<\/h3>\n\t\t\t\n\t\t\t\t\t\t\t\t\t\n\t\t\t\t\t\t<div class=\"underlined\"><\/div>\n\t\t\n\t\t\t\t\t\t\t\t\t\t<div class=\"location\">\n\t\t\t\t\tReims\t\t\t\t<\/div>\n\t\t\t\t\t\t\n\t\t\t\t\t\t\t\t\t\n\t\t\t\t\t\t\t\t\t\n\t\t\t\t\t\t\t\t\t\n\t\t\t\t\t\t\t\t\t\t<div class=\"descriptif\">Es ist 20 Meter unter der Erde, im Herzen der Kreidegruben Sie die langsame Reifung der Weine ent&#8230;<\/div>\n\t\t\t\t\n\t\t\t\t\t\t\t\t\t\t\t\t\t\t\t\t\n\t\t\t\t\t\t\t\t\t\t<div class=\"wp-block-button\">\n\t\t\t\t\t<a class=\"wp-element-button rounded\" href=\"https:\/\/tourisme-en-champagne.com\/de\/activite\/champagne-veuve-clicquot-ponsardin\/\" target=\"_blank\" aria-label=\"Mehr erfahren \u00fcber Champagne Veuve Clicquot Ponsardin\">Mehr erfahren<\/a>\n\t\t\t\t<\/div>\n\t\t\t \n\t\t<\/div>\n\t\t\n\n\t\t<\/article>\n\n\t\t\t\t\t\t<\/div>\n\t\t\t\t\t\t\t\t\t\t\t\t\t\t\t\t\t<div class=\"swiper-slide \">\n\t\t\t\t\t\t\t\n<article class=\"card card--activite stretched-link\" data-id=\"27699\" data-post-id-sync-map=\"27699\" >\n\t\n\t\t\n\t\t\t\t<div class=\"card__thumbnail has-middleground-background-color stack\">\n\t\t\t<img decoding=\"async\" width=\"2048\" src=\"https:\/\/cdt51.media.tourinsoft.eu\/upload\/2018-06-20-domaine-pommery--Fred-Laures-9-2.jpg\" class=\"attachment- size-\" alt=\"Maison de Champagne Vranken-Pommery\" srcset=\"https:\/\/cdt51.media.tourinsoft.eu\/upload\/2018-06-20-domaine-pommery--Fred-Laures-9-2.jpg?width=400 400w, https:\/\/cdt51.media.tourinsoft.eu\/upload\/2018-06-20-domaine-pommery--Fred-Laures-9-2.jpg?width=640 640w, https:\/\/cdt51.media.tourinsoft.eu\/upload\/2018-06-20-domaine-pommery--Fred-Laures-9-2.jpg?width=768 768w, https:\/\/cdt51.media.tourinsoft.eu\/upload\/2018-06-20-domaine-pommery--Fred-Laures-9-2.jpg?width=1280 1280w, https:\/\/cdt51.media.tourinsoft.eu\/upload\/2018-06-20-domaine-pommery--Fred-Laures-9-2.jpg?width=1536&amp;height=1536 1536w, https:\/\/cdt51.media.tourinsoft.eu\/upload\/2018-06-20-domaine-pommery--Fred-Laures-9-2.jpg?width=2048&amp;height=2048 2048w\" sizes=\"(max-width: 2048px) 100vw, 2048px\" title=\"\">\t\t<\/div>\n\t\n\t\t<div class=\"card__content\">\n\t\t\t\n\t\t\t\t\t\t\t\t\t\n\t\t\t\t\t\t\t\t\t\n\t\t\t\t\t\t<h3 class=\"title wp-block-heading is-style-h3\">\n\t\t\t\t<a href=\"https:\/\/tourisme-en-champagne.com\/de\/activite\/maison-de-champagne-vranken-pommery\/\" target=\"_blank\">Maison de Champagne Vranken-Pommery<\/a>\t\t\t\t\t\t\t<\/h3>\n\t\t\t\n\t\t\t\t\t\t\t\t\t\n\t\t\t\t\t\t<div class=\"underlined\"><\/div>\n\t\t\n\t\t\t\t\t\t\t\t\t\t<div class=\"location\">\n\t\t\t\t\tReims\t\t\t\t<\/div>\n\t\t\t\t\t\t\n\t\t\t\t\t\t\t\t\t\n\t\t\t\t\t\t\t\t\t\n\t\t\t\t\t\t\t\t\t\n\t\t\t\t\t\t\t\t\t\t<div class=\"descriptif\">Beginnen Sie Ihren Besuch durch die monumentale Treppe von 116 Stufen, aus Stein gehauen und fast&#8230;<\/div>\n\t\t\t\t\n\t\t\t\t\t\t\t\t\t\t\t\t\t\t\t\t\n\t\t\t\t\t\t\t\t\t\t<div class=\"wp-block-button\">\n\t\t\t\t\t<a class=\"wp-element-button rounded\" href=\"https:\/\/tourisme-en-champagne.com\/de\/activite\/maison-de-champagne-vranken-pommery\/\" target=\"_blank\" aria-label=\"Mehr erfahren \u00fcber Maison de Champagne Vranken-Pommery\">Mehr erfahren<\/a>\n\t\t\t\t<\/div>\n\t\t\t \n\t\t<\/div>\n\t\t\n\n\t\t<\/article>\n\n\t\t\t\t\t\t<\/div>\n\t\t\t\t\t\t\t\t\t\t\t\t\t\t<\/div>\n\t\t\t\t\n\t\t\t\t<div class=\"swiper-buttons\">\n\t\t\t\t\t<div class=\"swiper-button-prev\"><\/div>\n\t\t\t\t\t<div class=\"swiper-button-next\"><\/div>\n\t\t\t\t<\/div>\n\t\t\t<\/div>\n\t\t<\/div>\n\t\n<\/section>\n","protected":false},"excerpt":{"rendered":"<p>Bekannte Dichter und Schriftsteller &#8230; Die Trag\u00f6din Adrienne Lecouvreur (1692 &#8211; 1730) stammte aus dem charmanten Dorf Damery in der N\u00e4he von Epernay. Victor Hugo selbst hielt sich auf seinen Reisen im Schloss Montmort-Lucy auf und beschrieb sehr sch\u00f6n das &#8222;Tohuwabohu aus T\u00fcrmchen, Wetterfahnen, Giebeln, Dachfenstern und Kaminen&#8220; oder die Basilika von Epine, die er [&hellip;]<\/p>\n","protected":false},"author":2,"featured_media":22608,"parent":21522,"menu_order":0,"comment_status":"closed","ping_status":"closed","template":"templates\/editorial-content.php","meta":{"_acf_changed":false,"footnotes":"","_links_to":"","_links_to_target":""},"class_list":["post-19533","page","type-page","status-publish","has-post-thumbnail","hentry"],"acf":[],"_links":{"self":[{"href":"https:\/\/tourisme-en-champagne.com\/de\/wp-json\/wp\/v2\/pages\/19533","targetHints":{"allow":["GET"]}}],"collection":[{"href":"https:\/\/tourisme-en-champagne.com\/de\/wp-json\/wp\/v2\/pages"}],"about":[{"href":"https:\/\/tourisme-en-champagne.com\/de\/wp-json\/wp\/v2\/types\/page"}],"author":[{"embeddable":true,"href":"https:\/\/tourisme-en-champagne.com\/de\/wp-json\/wp\/v2\/users\/2"}],"replies":[{"embeddable":true,"href":"https:\/\/tourisme-en-champagne.com\/de\/wp-json\/wp\/v2\/comments?post=19533"}],"version-history":[{"count":1,"href":"https:\/\/tourisme-en-champagne.com\/de\/wp-json\/wp\/v2\/pages\/19533\/revisions"}],"predecessor-version":[{"id":19536,"href":"https:\/\/tourisme-en-champagne.com\/de\/wp-json\/wp\/v2\/pages\/19533\/revisions\/19536"}],"up":[{"embeddable":true,"href":"https:\/\/tourisme-en-champagne.com\/de\/wp-json\/wp\/v2\/pages\/21522"}],"wp:featuredmedia":[{"embeddable":true,"href":"https:\/\/tourisme-en-champagne.com\/de\/wp-json\/wp\/v2\/media\/22608"}],"wp:attachment":[{"href":"https:\/\/tourisme-en-champagne.com\/de\/wp-json\/wp\/v2\/media?parent=19533"}],"curies":[{"name":"wp","href":"https:\/\/api.w.org\/{rel}","templated":true}]}}