{"id":19277,"date":"2025-07-31T11:55:41","date_gmt":"2025-07-31T09:55:41","guid":{"rendered":"https:\/\/tourisme-en-champagne.com\/die-haenge-von-vitryat\/"},"modified":"2025-11-27T16:02:12","modified_gmt":"2025-11-27T15:02:12","slug":"die-haenge-von-vitryat","status":"publish","type":"page","link":"https:\/\/tourisme-en-champagne.com\/de\/alles-ueber-champagner\/vignobles-decouvertes\/die-haenge-von-vitryat\/","title":{"rendered":"Die H\u00e4nge von Vitryat"},"content":{"rendered":"\n<section class=\"wp-block-group alignfull pattern-text-50-media-50 has-global-padding is-layout-constrained wp-block-group-is-layout-constrained\">\n<div class=\"wp-block-columns is-layout-flex wp-container-core-columns-is-layout-63fbf5b9 wp-block-columns-is-layout-flex\">\n<div class=\"wp-block-column is-layout-flow wp-block-column-is-layout-flow\">\n<h2 class=\"wp-block-heading\"><strong>Champagne, Natur und Kulturerbe<\/strong><\/h2>\n\n\n\n<hr class=\"wp-block-separator has-text-color has-grey-color has-alpha-channel-opacity has-grey-background-color has-background\"\/>\n\n\n\n<h3 class=\"wp-block-heading\">Ein neues Tor zu den Weinbergen der Champagne<\/h3>\n\n\n\n<p class=\"wp-block-paragraph\">Die Coteaux Vitryats befinden sich an der C\u00f4te de Champagne, genauer gesagt in einem Gebiet, das als Perthois viticole bezeichnet wird.<\/p>\n\n\n\n<p class=\"wp-block-paragraph\">Sie sind zentral in der Champagne gelegen, etwa 50 km von den Coteaux du S\u00e9zannais und der C\u00f4te des Blancs und 70 km von der C\u00f4te des Bar im Departement Aube entfernt und bieten eine sehr offene Aussicht.  <\/p>\n\n\n\n<p class=\"wp-block-paragraph\">Etwa 15 Kellereien, die das Label <strong>&#8222;Vignobles &amp; D\u00e9couvertes&#8220;<\/strong> tragen, \u00f6ffnen ihre T\u00fcren und enth\u00fcllen die Geheimnisse ihres Champagners w\u00e4hrend einer Verkostung und\/oder eines Besuchs ihres Betriebs.  <\/p>\n\n\n\n<div class=\"wp-block-buttons is-layout-flex wp-block-buttons-is-layout-flex\">\n<div class=\"wp-block-button\"><a class=\"wp-block-button__link has-base-color has-grey-background-color has-text-color has-background has-link-color wp-element-button\">Das beschrifete<\/a><\/div>\n<\/div>\n<\/div>\n\n\n\n<div class=\"wp-block-column is-layout-flow wp-block-column-is-layout-flow\">\n<figure class=\"wp-block-image size-full\"><img loading=\"lazy\" decoding=\"async\" width=\"485\" height=\"600\" src=\"https:\/\/tourisme-en-champagne.com\/assets\/uploads\/2025\/07\/vignes-saint-lumiers-en-champagnecp-verin-colladt-marne2-0.png\" alt=\"\" class=\"wp-image-15389\" title=\"\" srcset=\"https:\/\/tourisme-en-champagne.com\/assets\/uploads\/2025\/07\/vignes-saint-lumiers-en-champagnecp-verin-colladt-marne2-0.png 485w, https:\/\/tourisme-en-champagne.com\/assets\/uploads\/2025\/07\/vignes-saint-lumiers-en-champagnecp-verin-colladt-marne2-0-400x495.png 400w\" sizes=\"auto, (max-width: 485px) 100vw, 485px\" \/><\/figure>\n<\/div>\n<\/div>\n<\/section>\n\n<section class=\"wp-block-group alignfull pattern-text-50-media-50 has-middleground-background-color has-background has-global-padding is-layout-constrained wp-block-group-is-layout-constrained\">\n<div class=\"wp-block-columns is-layout-flex wp-container-core-columns-is-layout-63fbf5b9 wp-block-columns-is-layout-flex\">\n<div class=\"wp-block-column is-layout-flow wp-block-column-is-layout-flow\">\n<figure class=\"wp-block-image size-full\"><img loading=\"lazy\" decoding=\"async\" width=\"485\" height=\"485\" src=\"https:\/\/tourisme-en-champagne.com\/assets\/uploads\/2025\/07\/vignoble-changycc-manquillet-coll-adt-marne4.jpg\" alt=\"\" class=\"wp-image-15394\" title=\"\" srcset=\"https:\/\/tourisme-en-champagne.com\/assets\/uploads\/2025\/07\/vignoble-changycc-manquillet-coll-adt-marne4.jpg 485w, https:\/\/tourisme-en-champagne.com\/assets\/uploads\/2025\/07\/vignoble-changycc-manquillet-coll-adt-marne4-400x400.jpg 400w\" sizes=\"auto, (max-width: 485px) 100vw, 485px\" \/><\/figure>\n<\/div>\n\n\n\n<div class=\"wp-block-column is-layout-flow wp-block-column-is-layout-flow\">\n<p class=\"wp-block-paragraph\">Die 480 Hektar auf Kreide sind \u00fcberwiegend mit Chardonnay bepflanzt und offenbaren Nuancen, die sich in den Weinen&#8230;  <\/p>\n\n\n\n<p class=\"wp-block-paragraph\">Wenn Sie auf den kleinen Stra\u00dfen der <strong>Route Touristique du Champagne<\/strong> durch H\u00fcgel, Berge und Ebenen fahren, werden Sie D\u00f6rfer mit der charakteristischen Architektur der Bocage champenois (Holzbalken) entdecken.<\/p>\n\n\n\n<p class=\"wp-block-paragraph\">Nutzen Sie Ihren Aufenthalt auch f\u00fcr einen Ausflug zum nahe gelegenen Lac du Der, einem der gr\u00f6\u00dften k\u00fcnstlichen Seen Europas.<\/p>\n\n\n\n<div class=\"wp-block-buttons is-layout-flex wp-block-buttons-is-layout-flex\">\n<div class=\"wp-block-button\"><a class=\"wp-block-button__link has-base-color has-grey-background-color has-text-color has-background has-link-color wp-element-button\" href=\"https:\/\/www.cirkwi.com\/fr\/circuit\/24347-route-touristique-du-champagne-des-coteaux-vitryats\" target=\"_blank\" rel=\"noreferrer noopener nofollow\">Siehe de route<\/a><\/div>\n<\/div>\n<\/div>\n<\/div>\n<\/section>\n\n<section class=\"wp-block-group alignfull pattern-text has-global-padding is-content-justification-center is-layout-constrained wp-block-group-is-layout-constrained\">\n<div class=\"wp-block-columns is-layout-flex wp-container-core-columns-is-layout-fdcf44e1 wp-block-columns-is-layout-flex\">\n<div class=\"wp-block-column is-layout-flow wp-block-column-is-layout-flow\">\n<p class=\"has-text-align-left wp-block-paragraph\">Die Route beginnt in <strong>Vitry-le-Fran\u00e7ois<\/strong>, der &#8222;rosa&#8220; Stadt, die ihren Namen Fran\u00e7ois 1er verdankt.<\/p>\n\n\n\n<p class=\"has-text-align-left wp-block-paragraph\">Besuchen Sie die Stiftskirche Notre-Dame (ein sehr sch\u00f6nes Beispiel des klassischen Stils) und fahren Sie dann durch die Porte du Pont (18. Jh.) in Richtung Ch\u00e2lons-en-Champagne. Die ersten Weinberge tauchen bei Couvrot und der <strong>C\u00f4te de Gravelines<\/strong> auf. <\/p>\n<\/div>\n<\/div>\n<\/section>\n\n<section class=\"wp-block-group alignfull pattern-text-50-media-50 has-global-padding is-layout-constrained wp-block-group-is-layout-constrained\">\n<div class=\"wp-block-columns is-layout-flex wp-container-core-columns-is-layout-63fbf5b9 wp-block-columns-is-layout-flex\">\n<div class=\"wp-block-column is-layout-flow wp-block-column-is-layout-flow\">\n<h2 class=\"wp-block-heading\"><strong>Auf dem Weg zu sehen  <\/strong><\/h2>\n\n\n\n<hr class=\"wp-block-separator has-text-color has-grey-color has-alpha-channel-opacity has-grey-background-color has-background\"\/>\n\n\n\n<ol class=\"wp-block-list has-grey-color has-text-color has-link-color wp-elements-5a8fc304e2c8066fe2e4e0234924f61e\">\n<li>Die Route Touristique du Champagne von Vitry-le-Fran\u00e7ois aus<\/li>\n\n\n\n<li>Die romanische Kirche und das Automuseum in Saint-Amand-sur-Fion<\/li>\n\n\n\n<li>Vavray-le-Grand mit seiner St\u00fctzmauer mit imposanten B\u00f6gen<\/li>\n\n\n\n<li>Bassuet und seine Weinbauern in der Hauptstra\u00dfe des Dorfes.<\/li>\n\n\n\n<li>Der Mont de Fourche in Vitry-en-Perthois<\/li>\n\n\n\n<li>Die Kirche \u00fcber dem Dorf Huiron<\/li>\n\n\n\n<li>Glannes und seine Weinberge&#8230;<\/li>\n<\/ol>\n<\/div>\n\n\n\n<div class=\"wp-block-column is-layout-flow wp-block-column-is-layout-flow\">\n<figure class=\"wp-block-image size-full\"><img loading=\"lazy\" decoding=\"async\" width=\"485\" height=\"380\" src=\"https:\/\/tourisme-en-champagne.com\/assets\/uploads\/2025\/07\/eglise-saint-amand-sur-fioncp-verin-coll-adt-marne21.jpg\" alt=\"\" class=\"wp-image-15399\" title=\"\" srcset=\"https:\/\/tourisme-en-champagne.com\/assets\/uploads\/2025\/07\/eglise-saint-amand-sur-fioncp-verin-coll-adt-marne21.jpg 485w, https:\/\/tourisme-en-champagne.com\/assets\/uploads\/2025\/07\/eglise-saint-amand-sur-fioncp-verin-coll-adt-marne21-400x313.jpg 400w\" sizes=\"auto, (max-width: 485px) 100vw, 485px\" \/><\/figure>\n<\/div>\n<\/div>\n<\/section>\n\n<section class=\"wp-block-group alignfull pattern-text-50-media-50-full has-base-color has-brown-background-color has-text-color has-background has-link-color wp-elements-05aeb9941530e3c022d2baf586a5323c has-global-padding is-content-justification-center is-layout-constrained wp-block-group-is-layout-constrained\">\n<div class=\"wp-block-columns alignfull is-layout-flex wp-container-core-columns-is-layout-addd0515 wp-block-columns-is-layout-flex\">\n<div class=\"wp-block-column col-media is-layout-flow wp-block-column-is-layout-flow\" style=\"flex-basis:50%\">\n<figure class=\"wp-block-image size-full\"><img loading=\"lazy\" decoding=\"async\" width=\"960\" height=\"600\" src=\"https:\/\/tourisme-en-champagne.com\/assets\/uploads\/2025\/07\/apccv-coteaux-vitryats-bulles-belles-histoires-2015-01.jpg\" alt=\"\" class=\"wp-image-15404\" title=\"\" srcset=\"https:\/\/tourisme-en-champagne.com\/assets\/uploads\/2025\/07\/apccv-coteaux-vitryats-bulles-belles-histoires-2015-01.jpg 960w, https:\/\/tourisme-en-champagne.com\/assets\/uploads\/2025\/07\/apccv-coteaux-vitryats-bulles-belles-histoires-2015-01-640x400.jpg 640w, https:\/\/tourisme-en-champagne.com\/assets\/uploads\/2025\/07\/apccv-coteaux-vitryats-bulles-belles-histoires-2015-01-400x250.jpg 400w, https:\/\/tourisme-en-champagne.com\/assets\/uploads\/2025\/07\/apccv-coteaux-vitryats-bulles-belles-histoires-2015-01-768x480.jpg 768w\" sizes=\"auto, (max-width: 960px) 100vw, 960px\" \/><\/figure>\n<\/div>\n\n\n\n<div class=\"wp-block-column col-content is-layout-flow wp-block-column-is-layout-flow\" style=\"flex-basis:50%\">\n<h2 class=\"wp-block-heading\"><strong>Text 50% + Medien 50% (full)<\/strong><\/h2>\n\n\n\n<hr class=\"wp-block-separator has-text-color has-base-color has-alpha-channel-opacity has-base-background-color has-background\"\/>\n\n\n\n<p class=\"wp-block-paragraph\">Jedes Jahr am ersten Sonntag im Juli l\u00e4dt <strong>&#8222;Bulles et Belles Histoires du <\/strong>Champagne <strong> Vitryat&#8220; <\/strong>Sie ein, in das Herz des Terroirs und der Geschichte der Champagne einzutauchen.<\/p>\n\n\n\n<p class=\"wp-block-paragraph\">Die D\u00f6rfer entlang der <strong>Route Touristique du Champagne des Coteaux Vitryats <\/strong>werden abwechselnd zum Schauplatz der Feierlichkeiten und stellen die regionalen Handwerker und Winzer in den Mittelpunkt.<\/p>\n\n\n\n<p class=\"wp-block-paragraph\">An diesem prickelnden Wochenende k\u00f6nnen Sie von thematischen und sportlichen Veranstaltungen profitieren: Weinproben, Besichtigungen von Weinkellern und sogar Wanderungen oder Trails rund um die Weinberge!<\/p>\n\n\n\n<div class=\"wp-block-buttons is-layout-flex wp-block-buttons-is-layout-flex\">\n<div class=\"wp-block-button\"><a class=\"wp-block-button__link has-grey-color has-base-background-color has-text-color has-background has-link-color wp-element-button\" href=\"https:\/\/www.coteauxvitryats.fr\/\" target=\"_blank\" rel=\"noreferrer noopener\">Weitere Informationen<\/a><\/div>\n<\/div>\n<\/div>\n<\/div>\n<\/section>\n\n<section class=\"wp-block-group alignfull pattern-citation has-middleground-background-color has-background has-global-padding is-layout-constrained wp-block-group-is-layout-constrained\" style=\"padding-top:var(--wp--preset--spacing--xx-large);padding-bottom:var(--wp--preset--spacing--xx-large)\">\n<div class=\"wp-block-columns is-layout-flex wp-container-core-columns-is-layout-fdcf44e1 wp-block-columns-is-layout-flex\">\n<div class=\"wp-block-column is-layout-flow wp-block-column-is-layout-flow\">\n<h2 class=\"wp-block-heading\"><strong>Champagner ist der einzige Wein, der eine Frau nach dem Trinken sch\u00f6n aussehen l\u00e4sst.<\/strong><\/h2>\n\n\n\n<hr class=\"wp-block-separator has-text-color has-grey-color has-alpha-channel-opacity has-grey-background-color has-background\"\/>\n\n\n\n<blockquote class=\"wp-block-quote is-layout-flow wp-block-quote-is-layout-flow\">\n<p class=\"wp-block-paragraph\"><em>Die Marquise de Pompadour<\/em><\/p>\n<\/blockquote>\n<\/div>\n<\/div>\n<\/section>\n\n<section style=\"background-image:url(&apos;https:\/\/tourisme-en-champagne.com\/assets\/uploads\/2025\/07\/champagne-nicolas-feuillatte-chouillycac-mecuson-colladt-marne.jpg&apos;);background-size:cover;\" class=\"wp-block-group alignfull pattern-text-50-left-background has-base-color has-text-color has-link-color wp-elements-8bb0f1f37fdc42c6ea381349c3c2ec71 has-global-padding is-layout-constrained wp-block-group-is-layout-constrained has-background\">\n<div class=\"wp-block-columns is-layout-flex wp-container-core-columns-is-layout-fdcf44e1 wp-block-columns-is-layout-flex\">\n<div class=\"wp-block-column is-layout-flow wp-block-column-is-layout-flow\">\n<h2 class=\"wp-block-heading\"><strong>QUIZ<\/strong><\/h2>\n\n\n\n<hr class=\"wp-block-separator has-text-color has-base-color has-alpha-channel-opacity has-base-background-color has-background\"\/>\n\n\n\n<h3 class=\"wp-block-heading\">WELCHES LAND BRACHTE DEN ERSTEN BRUT-CHAMPAGNER IN MODE?<\/h3>\n\n\n\n<ul class=\"wp-block-list\">\n<li>Frankreich<\/li>\n\n\n\n<li>England<\/li>\n\n\n\n<li>Russland<\/li>\n<\/ul>\n\n\n\n<h3 class=\"wp-block-heading\">Antwort<\/h3>\n\n\n\n<p class=\"wp-block-paragraph\"><em>Die Nachfrage nach weniger s\u00fc\u00dfen Weinen kam aus England. Ab den 1870er Jahren vermarkteten einige H\u00e4user ihre Cuv\u00e9es mit einem mehr oder weniger definierten Zuckergehalt: 30 bis 60 Gramm f\u00fcr den englischen Stil, 60 bis 90 Gramm f\u00fcr den franz\u00f6sischen Stil und bis zu 200 Gramm f\u00fcr den russischen Stil.   <\/em><\/p>\n<\/div>\n\n\n\n<div class=\"wp-block-column is-layout-flow wp-block-column-is-layout-flow\"><\/div>\n<\/div>\n<\/section>\n\n<section class=\"wp-block-group alignfull pattern-text-100 has-global-padding is-layout-constrained wp-block-group-is-layout-constrained\">\n<div class=\"wp-block-columns is-layout-flex wp-container-core-columns-is-layout-63fbf5b9 wp-block-columns-is-layout-flex\">\n<div class=\"wp-block-column is-layout-flow wp-block-column-is-layout-flow\">\n<h2 class=\"wp-block-heading\"><strong>Ihr kontakt<\/strong><\/h2>\n\n\n\n<hr class=\"wp-block-separator has-text-color has-grey-color has-alpha-channel-opacity has-grey-background-color has-background\"\/>\n\n\n\n<h3 class=\"wp-block-heading\">OFFICE DE TOURISME DU LAC DU DER &#8211; MAISON DU LAC &#8211; 51290 GIFFAUMONT-CHAMPAUBERT &#8211; 03 26 72 62 80  <\/h3>\n\n\n\n<h3 class=\"wp-block-heading\">INFORMATIONSB\u00dcRO IN VITRY-LE-FRAN\u00c7OIS &#8211; 8 ESPLANADE DE STRASBOURG &#8211; 03 26 74 45 30  <\/h3>\n\n\n\n<p class=\"wp-block-paragraph\"><a href=\"http:\/\/www.lacduder.com\/\" target=\"_blank\" rel=\"noreferrer noopener\">WWW.<\/a><a href=\"http:\/\/www.chalons-tourisme.com\/\" target=\"_blank\" rel=\"noreferrer noopener\">L<\/a><a href=\"http:\/\/www.lacduder.com\/\" target=\"_blank\" rel=\"noreferrer noopener\">ACDUDER.COM<\/a><\/p>\n<\/div>\n<\/div>\n<\/section>\n\n<section class=\"wp-block-group alignfull pattern-playlist-grid has-global-padding is-layout-constrained wp-block-group-is-layout-constrained\">\n<h2 class=\"wp-block-heading has-text-align-center\"><strong>Auswahl an Ausfl\u00fcgen<\/strong><\/h2>\n\n\n\n<hr class=\"wp-block-separator has-text-color has-accent-3-color has-alpha-channel-opacity has-accent-3-background-color has-background\"\/>\n\n\n\n<p class=\"has-text-align-center wp-block-paragraph\">Einige Vorschl\u00e4ge f\u00fcr Besichtigungen, um die Coteaux Vitryats und ihre Umgebung zu entdecken, w\u00e4hrend eines Spaziergangs oder eines Aufenthalts!<\/p>\n\n\n\t\t\t<div class=\"fsgb-block-playlist playlist-grid is-style-grid\"  style=\"margin-top:var(--wp--preset--spacing--x-large);\">\n\t\t\t\t\n\t\t\t\n\t\t\t<div class=\"swiper swiperPlaylistGrid\">\n\n\t\t\t\t<div class=\"swiper-wrapper posts-count-3\">\n\t\t\t\t\t\t\t\t\t\t\t\t\t\t\t\t\t<div class=\"swiper-slide \">\n\t\t\t\t\t\t\t\n<article class=\"card card--activite stretched-link\" data-id=\"28388\" data-post-id-sync-map=\"28388\" >\n\t\n\t\t\n\t\t\t\t<div class=\"card__thumbnail has-middleground-background-color stack\">\n\t\t\t<img decoding=\"async\" width=\"2048\" src=\"https:\/\/cdt51.media.tourinsoft.eu\/upload\/collegiale-vitry-automne-2018-2.png\" class=\"attachment- size-\" alt=\"Coll\u00e9giale Notre-Dame-de-l&#8217;Assomption\" srcset=\"https:\/\/cdt51.media.tourinsoft.eu\/upload\/collegiale-vitry-automne-2018-2.png?width=400 400w, https:\/\/cdt51.media.tourinsoft.eu\/upload\/collegiale-vitry-automne-2018-2.png?width=640 640w, https:\/\/cdt51.media.tourinsoft.eu\/upload\/collegiale-vitry-automne-2018-2.png?width=768 768w, https:\/\/cdt51.media.tourinsoft.eu\/upload\/collegiale-vitry-automne-2018-2.png?width=1280 1280w, https:\/\/cdt51.media.tourinsoft.eu\/upload\/collegiale-vitry-automne-2018-2.png?width=1536&amp;height=1536 1536w, https:\/\/cdt51.media.tourinsoft.eu\/upload\/collegiale-vitry-automne-2018-2.png?width=2048&amp;height=2048 2048w\" sizes=\"(max-width: 2048px) 100vw, 2048px\" title=\"\">\t\t<\/div>\n\t\n\t\t<div class=\"card__content\">\n\t\t\t\n\t\t\t\t\t\t\t\t\t\n\t\t\t\t\t\t\t\t\t\n\t\t\t\t\t\t<h3 class=\"title wp-block-heading is-style-h3\">\n\t\t\t\t<a href=\"https:\/\/tourisme-en-champagne.com\/de\/activite\/collegiale-notre-dame-de-lassomption\/\" target=\"_blank\">Coll\u00e9giale Notre-Dame-de-l&#8217;Assomption<\/a>\t\t\t\t\t\t\t<\/h3>\n\t\t\t\n\t\t\t\t\t\t\t\t\t\n\t\t\t\t\t\t<div class=\"underlined\"><\/div>\n\t\t\n\t\t\t\t\t\t\t\t\t\t<div class=\"location\">\n\t\t\t\t\tVitry-Le-Francois\t\t\t\t<\/div>\n\t\t\t\t\t\t\n\t\t\t\t\t\t\t\t\t\n\t\t\t\t\t\t\t\t\t\n\t\t\t\t\t\t\t\t\t\n\t\t\t\t\t\t\t\t\t\t<div class=\"descriptif\">Die gr\u00f6\u00dfte Kirche im klassischen Stil der Marne, Notre Dame Collegiate Church of the Assumption b&#8230;<\/div>\n\t\t\t\t\n\t\t\t\t\t\t\t\t\t\t\t\t\t\t\t\t\n\t\t\t\t\t\t\t\t\t\t<div class=\"wp-block-button\">\n\t\t\t\t\t<a class=\"wp-element-button rounded\" href=\"https:\/\/tourisme-en-champagne.com\/de\/activite\/collegiale-notre-dame-de-lassomption\/\" target=\"_blank\" aria-label=\"Mehr erfahren \u00fcber Coll\u00e9giale Notre-Dame-de-l&#8217;Assomption\">Mehr erfahren<\/a>\n\t\t\t\t<\/div>\n\t\t\t \n\t\t<\/div>\n\t\t\n\n\t\t<\/article>\n\n\t\t\t\t\t\t<\/div>\n\t\t\t\t\t\t\t\t\t\t\t\t\t\t\t\t\t<div class=\"swiper-slide \">\n\t\t\t\t\t\t\t\n<article class=\"card card--activite stretched-link\" data-id=\"28407\" data-post-id-sync-map=\"28407\" >\n\t\n\t\t\n\t\t\t\t<div class=\"card__thumbnail has-middleground-background-color stack\">\n\t\t\t<img decoding=\"async\" width=\"2048\" src=\"https:\/\/cdt51.media.tourinsoft.eu\/upload\/Eglise-de-Saint-Amand-sur-Fion_1.jpg\" class=\"attachment- size-\" alt=\"\u00c9glise de Saint-Amand-Sur-Fion\" srcset=\"https:\/\/cdt51.media.tourinsoft.eu\/upload\/Eglise-de-Saint-Amand-sur-Fion_1.jpg?width=400 400w, https:\/\/cdt51.media.tourinsoft.eu\/upload\/Eglise-de-Saint-Amand-sur-Fion_1.jpg?width=640 640w, https:\/\/cdt51.media.tourinsoft.eu\/upload\/Eglise-de-Saint-Amand-sur-Fion_1.jpg?width=768 768w, https:\/\/cdt51.media.tourinsoft.eu\/upload\/Eglise-de-Saint-Amand-sur-Fion_1.jpg?width=1280 1280w, https:\/\/cdt51.media.tourinsoft.eu\/upload\/Eglise-de-Saint-Amand-sur-Fion_1.jpg?width=1536&amp;height=1536 1536w, https:\/\/cdt51.media.tourinsoft.eu\/upload\/Eglise-de-Saint-Amand-sur-Fion_1.jpg?width=2048&amp;height=2048 2048w\" sizes=\"(max-width: 2048px) 100vw, 2048px\" title=\"\">\t\t<\/div>\n\t\n\t\t<div class=\"card__content\">\n\t\t\t\n\t\t\t\t\t\t\t\t\t\n\t\t\t\t\t\t\t\t\t\n\t\t\t\t\t\t<h3 class=\"title wp-block-heading is-style-h3\">\n\t\t\t\t<a href=\"https:\/\/tourisme-en-champagne.com\/de\/activite\/eglise-de-saint-amand-sur-fion\/\" target=\"_blank\">\u00c9glise de Saint-Amand-Sur-Fion<\/a>\t\t\t\t\t\t\t<\/h3>\n\t\t\t\n\t\t\t\t\t\t\t\t\t\n\t\t\t\t\t\t<div class=\"underlined\"><\/div>\n\t\t\n\t\t\t\t\t\t\t\t\t\t<div class=\"location\">\n\t\t\t\t\tSaint-Amand-Sur-Fion\t\t\t\t<\/div>\n\t\t\t\t\t\t\n\t\t\t\t\t\t\t\t\t\n\t\t\t\t\t\t\t\t\t\n\t\t\t\t\t\t\t\t\t\n\t\t\t\t\t\t\t\t\t\t<div class=\"descriptif\">Auf seiner breiten Promenade am s\u00fcd\u00f6stlichen Ende des malerischen Dorfes, die mittelalterliche Ki&#8230;<\/div>\n\t\t\t\t\n\t\t\t\t\t\t\t\t\t\t\t\t\t\t\t\t\n\t\t\t\t\t\t\t\t\t\t<div class=\"wp-block-button\">\n\t\t\t\t\t<a class=\"wp-element-button rounded\" href=\"https:\/\/tourisme-en-champagne.com\/de\/activite\/eglise-de-saint-amand-sur-fion\/\" target=\"_blank\" aria-label=\"Mehr erfahren \u00fcber \u00c9glise de Saint-Amand-Sur-Fion\">Mehr erfahren<\/a>\n\t\t\t\t<\/div>\n\t\t\t \n\t\t<\/div>\n\t\t\n\n\t\t<\/article>\n\n\t\t\t\t\t\t<\/div>\n\t\t\t\t\t\t\t\t\t\t\t\t\t\t\t\t\t<div class=\"swiper-slide \">\n\t\t\t\t\t\t\t\n<article class=\"card card--activite stretched-link\" data-id=\"28324\" data-post-id-sync-map=\"28324\" >\n\t\n\t\t\n\t\t\t\t<div class=\"card__thumbnail has-middleground-background-color stack\">\n\t\t\t<img decoding=\"async\" width=\"2048\" src=\"https:\/\/cdt51.media.tourinsoft.eu\/upload\/village-musee-du-der-sainte-marie-du-lac.jpg\" class=\"attachment- size-\" alt=\"Village Mus\u00e9e du Der\" srcset=\"https:\/\/cdt51.media.tourinsoft.eu\/upload\/village-musee-du-der-sainte-marie-du-lac.jpg?width=400 400w, https:\/\/cdt51.media.tourinsoft.eu\/upload\/village-musee-du-der-sainte-marie-du-lac.jpg?width=640 640w, https:\/\/cdt51.media.tourinsoft.eu\/upload\/village-musee-du-der-sainte-marie-du-lac.jpg?width=768 768w, https:\/\/cdt51.media.tourinsoft.eu\/upload\/village-musee-du-der-sainte-marie-du-lac.jpg?width=1280 1280w, https:\/\/cdt51.media.tourinsoft.eu\/upload\/village-musee-du-der-sainte-marie-du-lac.jpg?width=1536&amp;height=1536 1536w, https:\/\/cdt51.media.tourinsoft.eu\/upload\/village-musee-du-der-sainte-marie-du-lac.jpg?width=2048&amp;height=2048 2048w\" sizes=\"(max-width: 2048px) 100vw, 2048px\" title=\"\">\t\t<\/div>\n\t\n\t\t<div class=\"card__content\">\n\t\t\t\n\t\t\t\t\t\t\t\t\t\n\t\t\t\t\t\t\t\t\t\n\t\t\t\t\t\t<h3 class=\"title wp-block-heading is-style-h3\">\n\t\t\t\t<a href=\"https:\/\/tourisme-en-champagne.com\/de\/activite\/village-musee-du-der\/\" target=\"_blank\">Village Mus\u00e9e du Der<\/a>\t\t\t\t\t\t\t<\/h3>\n\t\t\t\n\t\t\t\t\t\t\t\t\t\n\t\t\t\t\t\t<div class=\"underlined\"><\/div>\n\t\t\n\t\t\t\t\t\t\t\t\t\t<div class=\"location\">\n\t\t\t\t\tSainte-Marie-Du-Lac-Nuisement\t\t\t\t<\/div>\n\t\t\t\t\t\t\n\t\t\t\t\t\t\t\t\t\n\t\t\t\t\t\t\t\t\t\n\t\t\t\t\t\t\t\t\t\n\t\t\t\t\t\t\t\t\t\t<div class=\"descriptif\">01.30 Wenn Sie, bevor Sie haben, und Sie wollen mehr \u00fcber das historische und nat\u00fcrliches Erbe de&#8230;<\/div>\n\t\t\t\t\n\t\t\t\t\t\t\t\t\t\t\t\t\t\t\t\t\n\t\t\t\t\t\t\t\t\t\t<div class=\"wp-block-button\">\n\t\t\t\t\t<a class=\"wp-element-button rounded\" href=\"https:\/\/tourisme-en-champagne.com\/de\/activite\/village-musee-du-der\/\" target=\"_blank\" aria-label=\"Mehr erfahren \u00fcber Village Mus\u00e9e du Der\">Mehr erfahren<\/a>\n\t\t\t\t<\/div>\n\t\t\t \n\t\t<\/div>\n\t\t\n\n\t\t<\/article>\n\n\t\t\t\t\t\t<\/div>\n\t\t\t\t\t\t\t\t\t\t\t\t\t\t<\/div>\n\t\t\t\t\n\t\t\t\t<div class=\"swiper-buttons\">\n\t\t\t\t\t<div class=\"swiper-button-prev\"><\/div>\n\t\t\t\t\t<div class=\"swiper-button-next\"><\/div>\n\t\t\t\t<\/div>\n\t\t\t<\/div>\n\t\t<\/div>\n\t\n<\/section>\n","protected":false},"excerpt":{"rendered":"<p>Champagne, Natur und Kulturerbe Ein neues Tor zu den Weinbergen der Champagne Die Coteaux Vitryats befinden sich an der C\u00f4te de Champagne, genauer gesagt in einem Gebiet, das als Perthois viticole bezeichnet wird. Sie sind zentral in der Champagne gelegen, etwa 50 km von den Coteaux du S\u00e9zannais und der C\u00f4te des Blancs und 70 [&hellip;]<\/p>\n","protected":false},"author":2,"featured_media":15382,"parent":20618,"menu_order":0,"comment_status":"closed","ping_status":"closed","template":"templates\/editorial-content.php","meta":{"_acf_changed":false,"footnotes":"","_links_to":"","_links_to_target":""},"class_list":["post-19277","page","type-page","status-publish","has-post-thumbnail","hentry"],"acf":[],"_links":{"self":[{"href":"https:\/\/tourisme-en-champagne.com\/de\/wp-json\/wp\/v2\/pages\/19277","targetHints":{"allow":["GET"]}}],"collection":[{"href":"https:\/\/tourisme-en-champagne.com\/de\/wp-json\/wp\/v2\/pages"}],"about":[{"href":"https:\/\/tourisme-en-champagne.com\/de\/wp-json\/wp\/v2\/types\/page"}],"author":[{"embeddable":true,"href":"https:\/\/tourisme-en-champagne.com\/de\/wp-json\/wp\/v2\/users\/2"}],"replies":[{"embeddable":true,"href":"https:\/\/tourisme-en-champagne.com\/de\/wp-json\/wp\/v2\/comments?post=19277"}],"version-history":[{"count":1,"href":"https:\/\/tourisme-en-champagne.com\/de\/wp-json\/wp\/v2\/pages\/19277\/revisions"}],"predecessor-version":[{"id":19278,"href":"https:\/\/tourisme-en-champagne.com\/de\/wp-json\/wp\/v2\/pages\/19277\/revisions\/19278"}],"up":[{"embeddable":true,"href":"https:\/\/tourisme-en-champagne.com\/de\/wp-json\/wp\/v2\/pages\/20618"}],"wp:featuredmedia":[{"embeddable":true,"href":"https:\/\/tourisme-en-champagne.com\/de\/wp-json\/wp\/v2\/media\/15382"}],"wp:attachment":[{"href":"https:\/\/tourisme-en-champagne.com\/de\/wp-json\/wp\/v2\/media?parent=19277"}],"curies":[{"name":"wp","href":"https:\/\/api.w.org\/{rel}","templated":true}]}}