{"id":19182,"date":"2025-08-05T14:46:07","date_gmt":"2025-08-05T12:46:07","guid":{"rendered":"https:\/\/tourisme-en-champagne.com\/regionale-pflanzen\/"},"modified":"2025-11-28T16:04:13","modified_gmt":"2025-11-28T15:04:13","slug":"regionale-pflanzen","status":"publish","type":"page","link":"https:\/\/tourisme-en-champagne.com\/de\/champagner-blumen\/regionale-pflanzen\/","title":{"rendered":"Regionale Pflanzen"},"content":{"rendered":"\n<section class=\"wp-block-group alignfull pattern-text has-global-padding is-content-justification-center is-layout-constrained wp-block-group-is-layout-constrained\">\n<div class=\"wp-block-columns is-layout-flex wp-container-core-columns-is-layout-fdcf44e1 wp-block-columns-is-layout-flex\">\n<div class=\"wp-block-column is-layout-flow wp-block-column-is-layout-flow\">\n<h2 class=\"wp-block-heading\"><strong>Unsere bemerkenswerten Pflanzen<\/strong><\/h2>\n\n\n\n<hr class=\"wp-block-separator has-text-color has-accent-3-color has-alpha-channel-opacity has-accent-3-background-color has-background\"\/>\n\n\n\n<p class=\"has-text-align-left wp-block-paragraph\">Die biologische Vielfalt der nat\u00fcrlichen Lebensr\u00e4ume ist in der Champagne sehr reich. Mehr als 4.000 Arten wurden in allen Naturgebieten von \u00f6kologischem, faunistischem und floristischem Interesse in der Region gez\u00e4hlt. <\/p>\n\n\n\n<p class=\"wp-block-paragraph\">So gibt es in den W\u00e4ldern, Parks und G\u00e4rten Sorten, die f\u00fcr das Departement Marne spezifisch sind.  <\/p>\n\n\n\n<p class=\"has-text-align-left wp-block-paragraph\">Die ber\u00fchmten &#8222;Faux de Verzy&#8220; im Herzen der Montagne de Reims grenzen an die &#8222;Rose Marne&#8220; oder die &#8222;Orchideen der Champagne&#8220;&#8230;.<\/p>\n<\/div>\n<\/div>\n<\/section>\n\n<section class=\"wp-block-group alignfull pattern-text-50-media-50 has-global-padding is-layout-constrained wp-block-group-is-layout-constrained\">\n<div class=\"wp-block-columns is-layout-flex wp-container-core-columns-is-layout-63fbf5b9 wp-block-columns-is-layout-flex\">\n<div class=\"wp-block-column is-layout-flow wp-block-column-is-layout-flow\">\n<figure class=\"wp-block-image size-full\"><img loading=\"lazy\" decoding=\"async\" width=\"485\" height=\"600\" src=\"https:\/\/tourisme-en-champagne.com\/assets\/uploads\/2025\/08\/iris.png\" alt=\"Iris de Bouzy &#xA9;.  \" class=\"wp-image-16334\" title=\"\" srcset=\"https:\/\/tourisme-en-champagne.com\/assets\/uploads\/2025\/08\/iris.png 485w, https:\/\/tourisme-en-champagne.com\/assets\/uploads\/2025\/08\/iris-400x495.png 400w\" sizes=\"auto, (max-width: 485px) 100vw, 485px\" \/><\/figure>\n<\/div>\n\n\n\n<div class=\"wp-block-column is-layout-flow wp-block-column-is-layout-flow\">\n<h2 class=\"wp-block-heading\"><strong>Die Schwertlilien von Bouzy<\/strong><\/h2>\n\n\n\n<hr class=\"wp-block-separator has-text-color has-grey-color has-alpha-channel-opacity has-grey-background-color has-background\"\/>\n\n\n\n<p class=\"wp-block-paragraph\">Bouzy in der Champagne ist nicht nur f\u00fcr seinen Rotwein ber\u00fchmt, sondern auch f\u00fcr seine Iris &#8220; <strong>Bouzy-Bouzy<\/strong> &#8222;. Eine weinrote Iris. In diesem Dorf in der Champagne, zwischen Reims und Epernay, werden seit Jahrzehnten Iris angebaut. Der kalkhaltige, filtrierende Boden von Bouzy ist sehr gut f\u00fcr die Iris geeignet, da sie eine Pflanze ist, die keine liebenden, klebrigen B\u00f6den mag und weder Wasser noch D\u00fcnger ben\u00f6tigt.   <\/p>\n\n\n\n<p class=\"wp-block-paragraph\"><br\/>Die Schwertlilien lieben einen sonnigen Standort und sind die ideale Pflanze f\u00fcr eine warme Wand.<br\/>Ab Mai bl\u00fchen sie in Bouzy zu Hunderten!<\/p>\n<\/div>\n<\/div>\n<\/section>\n\n<section style=\"background-image:url(&apos;https:\/\/tourisme-en-champagne.com\/assets\/uploads\/2025\/08\/fleur-de-la-marnech-guillaume-collcdt-marne-4.png&apos;);background-position:50% 50%;background-size:cover;background-attachment:scroll;\" class=\"wp-block-group alignfull pattern-text-50-left-background has-base-color has-text-color has-link-color wp-elements-4af4396c8cc9ad21abe084ad7c21918d has-global-padding is-layout-constrained wp-block-group-is-layout-constrained has-background\">\n<div class=\"wp-block-columns is-layout-flex wp-container-core-columns-is-layout-fdcf44e1 wp-block-columns-is-layout-flex\">\n<div class=\"wp-block-column is-layout-flow wp-block-column-is-layout-flow\">\n<h2 class=\"wp-block-heading\"><strong>La rose Marne<\/strong><\/h2>\n\n\n\n<hr class=\"wp-block-separator has-text-color has-base-color has-alpha-channel-opacity has-base-background-color has-background\"\/>\n\n\n\n<p class=\"wp-block-paragraph\">1915 wurde die Rose &#8222;La Marne&#8220; von dem Rosenz\u00fcchter Barbier aus Orl\u00e9ans entworfen. Diese Rose ist eine Hommage an die franz\u00f6sischen Soldaten, die am 6. September 1914 in der ersten Marne-Schlacht siegreich waren. <br\/><br\/>Ihr gl\u00e4nzendes, dunkelgr\u00fcnes, krankheitsfreies Laub und die halbgef\u00fcllte, remontierende Bl\u00fcte in kr\u00e4ftigem Rosa mit wei\u00dfer Mitte sind das Spiegelbild der Kunsthandwerker.<\/p>\n\n\n\n<p class=\"wp-block-paragraph\">Die Zeit verblasste nach und nach ihre Qualit\u00e4ten und die Rose verschwand schlie\u00dflich aus den G\u00e4rtnereien. 1995 bewunderte Edith Brochet Lanvin, Baumschulg\u00e4rtnerin in Nanteuil la For\u00eat und Spezialistin f\u00fcr alte Rosen, in einem Buch diese Rose, die auf einem kalifornischen Friedhof fotografiert worden war. Nach einigen Nachforschungen gelang es ihr, die Rose im Rosengarten von Haye les Roses wiederzufinden und ihr gelang eine Veredelung, die sich an den Boden der Marne anpasste.  <\/p>\n\n\n\n<p class=\"wp-block-paragraph\">Seitdem ist er das Symbol des Departements Marne, das seit 1997 die &#8222;Troph\u00e9e National du D\u00e9partement Fleuri&#8220; (Nationale Auszeichnung f\u00fcr bl\u00fchende Departements) erhalten hat.<\/p>\n<\/div>\n\n\n\n<div class=\"wp-block-column is-layout-flow wp-block-column-is-layout-flow\"><\/div>\n<\/div>\n<\/section>\n\n<section class=\"wp-block-group alignfull pattern-text-50-media-50 has-global-padding is-layout-constrained wp-block-group-is-layout-constrained\">\n<div class=\"wp-block-columns is-layout-flex wp-container-core-columns-is-layout-63fbf5b9 wp-block-columns-is-layout-flex\">\n<div class=\"wp-block-column is-layout-flow wp-block-column-is-layout-flow\">\n<figure class=\"wp-block-image size-full\"><img loading=\"lazy\" decoding=\"async\" width=\"485\" height=\"600\" src=\"https:\/\/tourisme-en-champagne.com\/assets\/uploads\/2025\/08\/orchi-0.png\" alt=\"Orchidee der Champagne\" class=\"wp-image-16344\" title=\"\" srcset=\"https:\/\/tourisme-en-champagne.com\/assets\/uploads\/2025\/08\/orchi-0.png 485w, https:\/\/tourisme-en-champagne.com\/assets\/uploads\/2025\/08\/orchi-0-400x495.png 400w\" sizes=\"auto, (max-width: 485px) 100vw, 485px\" \/><\/figure>\n<\/div>\n\n\n\n<div class=\"wp-block-column is-layout-flow wp-block-column-is-layout-flow\">\n<h2 class=\"wp-block-heading\"><strong>Die Orchideen der Champagne<\/strong><\/h2>\n\n\n\n<hr class=\"wp-block-separator has-text-color has-grey-color has-alpha-channel-opacity has-grey-background-color has-background\"\/>\n\n\n\n<h3 class=\"wp-block-heading\">Lorem ipsum dolor sit amet<\/h3>\n\n\n\n<p class=\"wp-block-paragraph\">Die Champagne-Ardenne ist sehr reich an Orchideen und kann neugierigen Spazierg\u00e4ngern etwa 50 Arten zeigen, von der Sumpfdotterblume bis zur Orchis br\u00fbl\u00e9e der Kalkrasen.<\/p>\n\n\n\n<p class=\"wp-block-paragraph\">Orchideen leben in der Regel auf armen, trockenen und kalkhaltigen B\u00f6den. Sie k\u00f6nnen aber auch auf feuchten und sauren B\u00f6den vorkommen. In unserer Region bl\u00fchen sie haupts\u00e4chlich von April bis Juni.  <\/p>\n\n\n\n<p class=\"wp-block-paragraph\">Das Haus des regionalen Naturparks Montagne de Reims bietet F\u00fchrungen an, um diese empfindliche und zarte Pflanze in ihrer nat\u00fcrlichen Umgebung zu entdecken.<\/p>\n<\/div>\n<\/div>\n<\/section>\n\n<section style=\"background-image:url(&apos;https:\/\/tourisme-en-champagne.com\/assets\/uploads\/2025\/08\/fleur-de-la-marnech-guillaume-collcdt-marne-1.png&apos;);background-position:50% 50%;background-size:cover;background-attachment:scroll;\" class=\"wp-block-group alignfull pattern-text-50-right-background has-base-color has-text-color has-link-color wp-elements-776f7ba33fca83135a2256d324595267 has-global-padding is-layout-constrained wp-block-group-is-layout-constrained has-background\">\n<div class=\"wp-block-columns is-layout-flex wp-container-core-columns-is-layout-fdcf44e1 wp-block-columns-is-layout-flex\">\n<div class=\"wp-block-column is-layout-flow wp-block-column-is-layout-flow\"><\/div>\n\n\n\n<div class=\"wp-block-column is-layout-flow wp-block-column-is-layout-flow\">\n<h2 class=\"wp-block-heading\"><strong>Die Pfingstrose<\/strong><\/h2>\n\n\n\n<hr class=\"wp-block-separator has-alpha-channel-opacity\"\/>\n\n\n\n<p class=\"wp-block-paragraph\">Die Pfingstrose<strong>&#8222;Victoire de la Marne<\/strong>&#8220; wurde zur Zeit des Gro\u00dfen Krieges als Hommage an die K\u00e4mpfe von 1914 gez\u00fcchtet.<\/p>\n\n\n\n<p class=\"wp-block-paragraph\">Dies ist eine gef\u00fcllte, runde Pfingstrose in hellem Himbeerrot, winterhart und robust, die mit den Jahren immer spektakul\u00e4rer bl\u00fcht.<\/p>\n\n\n\n<p class=\"wp-block-paragraph\">Sie ist beim Jardin Botanique de la Presle erh\u00e4ltlich.  <\/p>\n<\/div>\n<\/div>\n<\/section>\n\n<section class=\"wp-block-group alignfull pattern-text has-middleground-background-color has-background has-global-padding is-content-justification-center is-layout-constrained wp-block-group-is-layout-constrained\">\n<div class=\"wp-block-columns is-layout-flex wp-container-core-columns-is-layout-fdcf44e1 wp-block-columns-is-layout-flex\">\n<div class=\"wp-block-column is-layout-flow wp-block-column-is-layout-flow\">\n<h2 class=\"wp-block-heading\"><strong>Alte Obstb\u00e4ume<\/strong><\/h2>\n\n\n\n<hr class=\"wp-block-separator has-text-color has-grey-color has-alpha-channel-opacity has-grey-background-color has-background\"\/>\n\n\n\n<p class=\"has-text-align-left wp-block-paragraph\">70 alte Obstbaumsorten aus dem Argonnenland, das fr\u00fcher f\u00fcr seinen Cidre bekannt war, k\u00f6nnen in Noirlieu bei der GAEC des Baumschulbetriebs Defontaine besichtigt werden. &#8222;Pomme d&#8217;api, chr\u00e9tien rouge, court pendu, p\u00e9pin sonner&#8220; &#8211; die alten Menschen hatten viel Humor, um die neuen Sorten zu taufen. Der Geschmack des Authentischen geht \u00fcber die Vielfalt und das gesamte Team der Baumschule zieht daraus eine enorme pers\u00f6nliche Befriedigung.  <\/p>\n\n\n\n<p class=\"has-text-align-left wp-block-paragraph\">Es ist auch ein bekanntes Obstkonservatorium, das vom Conseil D\u00e9partemental de la Mar<\/p>\n<\/div>\n<\/div>\n<\/section>\n\n<section class=\"wp-block-group alignfull pattern-text has-middleground-background-color has-background has-global-padding is-content-justification-center is-layout-constrained wp-block-group-is-layout-constrained\" style=\"padding-top:0\">\n<div class=\"wp-block-columns is-layout-flex wp-container-core-columns-is-layout-fdcf44e1 wp-block-columns-is-layout-flex\">\n<div class=\"wp-block-column is-layout-flow wp-block-column-is-layout-flow\">\n<h2 class=\"wp-block-heading\"><strong>Spir\u00e9e Magnum Ros\u00e9<\/strong><\/h2>\n\n\n\n<hr class=\"wp-block-separator has-text-color has-grey-color has-alpha-channel-opacity has-grey-background-color has-background\"\/>\n\n\n\n<p class=\"has-text-align-left wp-block-paragraph\">Die Spir\u00e9e Magnum Ros\u00e9, die von einer japanischen Spir\u00e9e abstammt, die normalerweise kleiner als 1 m ist, ist ein Gigant, der die Eleganz auf die Spitze treibt: 2,30 m. Die Spir\u00e9e Magnum Ros\u00e9 ist eine einzigartige S\u00e4mlingspflanze, die von einer japanischen Spir\u00e9e abstammt, die normalerweise kleiner als 1 m ist.<\/p>\n<\/div>\n<\/div>\n<\/section>\n\n<section style=\"background-image:url(&apos;https:\/\/tourisme-en-champagne.com\/assets\/uploads\/2025\/08\/hortensia-marnecp-deseze-coll-adt-marne.jpg&apos;);background-position:50% 50%;background-size:cover;background-attachment:scroll;\" class=\"wp-block-group alignfull pattern-text-50-left-background has-base-color has-text-color has-link-color wp-elements-4bc0c1211eb54a9f76fd92e99c68fa16 has-global-padding is-layout-constrained wp-block-group-is-layout-constrained has-background\">\n<div class=\"wp-block-columns is-layout-flex wp-container-core-columns-is-layout-fdcf44e1 wp-block-columns-is-layout-flex\">\n<div class=\"wp-block-column is-layout-flow wp-block-column-is-layout-flow\">\n<h2 class=\"wp-block-heading\"><strong>Die Hortensie<strong>&#8222;La Marne<\/strong>&#8222;.<\/strong><\/h2>\n\n\n\n<hr class=\"wp-block-separator has-text-color has-base-color has-alpha-channel-opacity has-base-background-color has-background\"\/>\n\n\n\n<p class=\"wp-block-paragraph\">Eine Sorte aus der Belle Epoque, die 1917 von E. Mouli\u00e8re als Hommage an die K\u00e4mpfe des Gro\u00dfen Krieges kreiert wurde.<\/p>\n\n\n\n<p class=\"wp-block-paragraph\">Diese Hortensiensorte mit dicken, kr\u00e4ftigen Stielen tr\u00e4gt riesige, gezackte Bl\u00fctenb\u00e4lle, die je nach Bodenbeschaffenheit in raffinierten und seltenen Halbt\u00f6nen von Rosa-Malve bis Blau schimmern.  <\/p>\n\n\n\n<p class=\"wp-block-paragraph\">Er ist beim Jardin Botanique de la Presle erh\u00e4ltlich.<\/p>\n<\/div>\n\n\n\n<div class=\"wp-block-column is-layout-flow wp-block-column-is-layout-flow\"><\/div>\n<\/div>\n<\/section>\n\n<section class=\"wp-block-group alignfull pattern-playlist-grid has-global-padding is-layout-constrained wp-block-group-is-layout-constrained\">\n<h2 class=\"wp-block-heading has-text-align-center\"><strong>Auswahl an Eskapaden<\/strong><\/h2>\n\n\n\n<hr class=\"wp-block-separator has-text-color has-accent-3-color has-alpha-channel-opacity has-accent-3-background-color has-background\"\/>\n\n\n\n<p class=\"has-text-align-center wp-block-paragraph\">Erfahren Sie mehr \u00fcber B\u00e4ume, Pflanzen und G\u00e4rten&#8230;<\/p>\n\n\n\t\t\t<div class=\"fsgb-block-playlist playlist-grid is-style-grid\"  style=\"margin-top:var(--wp--preset--spacing--x-large);\">\n\t\t\t\t\n\t\t\t\n\t\t\t<div class=\"swiper swiperPlaylistGrid\">\n\n\t\t\t\t<div class=\"swiper-wrapper posts-count-1\">\n\t\t\t\t\t\t\t\t\t\t\t\t\t\t\t\t\t<div class=\"swiper-slide lonely-swiper-slide\">\n\t\t\t\t\t\t\t\n<article class=\"card card--activite stretched-link\" data-id=\"28549\" data-post-id-sync-map=\"28549\" >\n\t\n\t\t\n\t\t\t\t<div class=\"card__thumbnail has-middleground-background-color stack\">\n\t\t\t<img decoding=\"async\" width=\"2048\" src=\"https:\/\/cdt51.media.tourinsoft.eu\/upload\/Fau-de-Verzy.jpg\" class=\"attachment- size-\" alt=\"Les Faux de Verzy\" srcset=\"https:\/\/cdt51.media.tourinsoft.eu\/upload\/Fau-de-Verzy.jpg?width=400 400w, https:\/\/cdt51.media.tourinsoft.eu\/upload\/Fau-de-Verzy.jpg?width=640 640w, https:\/\/cdt51.media.tourinsoft.eu\/upload\/Fau-de-Verzy.jpg?width=768 768w, https:\/\/cdt51.media.tourinsoft.eu\/upload\/Fau-de-Verzy.jpg?width=1280 1280w, https:\/\/cdt51.media.tourinsoft.eu\/upload\/Fau-de-Verzy.jpg?width=1536&amp;height=1536 1536w, https:\/\/cdt51.media.tourinsoft.eu\/upload\/Fau-de-Verzy.jpg?width=2048&amp;height=2048 2048w\" sizes=\"(max-width: 2048px) 100vw, 2048px\" title=\"\">\t\t<\/div>\n\t\n\t\t<div class=\"card__content\">\n\t\t\t\n\t\t\t\t\t\t\t\t\t\n\t\t\t\t\t\t\t\t\t\n\t\t\t\t\t\t<h3 class=\"title wp-block-heading is-style-h3\">\n\t\t\t\t<a href=\"https:\/\/tourisme-en-champagne.com\/de\/activite\/les-faux-de-verzy\/\" target=\"_blank\">Les Faux de Verzy<\/a>\t\t\t\t\t\t\t<\/h3>\n\t\t\t\n\t\t\t\t\t\t\t\t\t\n\t\t\t\t\t\t<div class=\"underlined\"><\/div>\n\t\t\n\t\t\t\t\t\t\t\t\t\t<div class=\"location\">\n\t\t\t\t\tVerzy\t\t\t\t<\/div>\n\t\t\t\t\t\t\n\t\t\t\t\t\t\t\t\t\n\t\t\t\t\t\t\t\t\t\n\t\t\t\t\t\t\t\t\t\n\t\t\t\t\t\t\t\t\t\t<div class=\"descriptif\">Wir glauben, dass sie gerade aus einer Fee Broceliand!\rMit ihren gewundenen Zweigen, manchmal sch&#8230;<\/div>\n\t\t\t\t\n\t\t\t\t\t\t\t\t\t\t\t\t\t\t\t\t\n\t\t\t\t\t\t\t\t\t\t<div class=\"wp-block-button\">\n\t\t\t\t\t<a class=\"wp-element-button rounded\" href=\"https:\/\/tourisme-en-champagne.com\/de\/activite\/les-faux-de-verzy\/\" target=\"_blank\"\n\t\t\t\t\t\taria-label=\"Mehr erfahren \u00fcber Les Faux de Verzy\">Mehr erfahren<\/a>\n\t\t\t\t<\/div>\n\t\t\t \n\t\t<\/div>\n\t\t\n\n\t\t<\/article>\n\n\t\t\t\t\t\t<\/div>\n\t\t\t\t\t\t\t\t\t\t\t\t\t\t<\/div>\n\t\t\t\t\n\t\t\t\t<div class=\"swiper-buttons\">\n\t\t\t\t\t<div class=\"swiper-button-prev\"><\/div>\n\t\t\t\t\t<div class=\"swiper-button-next\"><\/div>\n\t\t\t\t<\/div>\n\t\t\t<\/div>\n\t\t<\/div>\n\t\n<\/section>\n","protected":false},"excerpt":{"rendered":"<p>Unsere bemerkenswerten Pflanzen Die biologische Vielfalt der nat\u00fcrlichen Lebensr\u00e4ume ist in der Champagne sehr reich. Mehr als 4.000 Arten wurden in allen Naturgebieten von \u00f6kologischem, faunistischem und floristischem Interesse in der Region gez\u00e4hlt. So gibt es in den W\u00e4ldern, Parks und G\u00e4rten Sorten, die f\u00fcr das Departement Marne spezifisch sind. Die ber\u00fchmten &#8222;Faux de Verzy&#8220; [&hellip;]<\/p>\n","protected":false},"author":2,"featured_media":16332,"parent":21250,"menu_order":0,"comment_status":"closed","ping_status":"closed","template":"templates\/editorial-content.php","meta":{"_acf_changed":false,"footnotes":"","_links_to":"","_links_to_target":""},"class_list":["post-19182","page","type-page","status-publish","has-post-thumbnail","hentry"],"acf":[],"_links":{"self":[{"href":"https:\/\/tourisme-en-champagne.com\/de\/wp-json\/wp\/v2\/pages\/19182","targetHints":{"allow":["GET"]}}],"collection":[{"href":"https:\/\/tourisme-en-champagne.com\/de\/wp-json\/wp\/v2\/pages"}],"about":[{"href":"https:\/\/tourisme-en-champagne.com\/de\/wp-json\/wp\/v2\/types\/page"}],"author":[{"embeddable":true,"href":"https:\/\/tourisme-en-champagne.com\/de\/wp-json\/wp\/v2\/users\/2"}],"replies":[{"embeddable":true,"href":"https:\/\/tourisme-en-champagne.com\/de\/wp-json\/wp\/v2\/comments?post=19182"}],"version-history":[{"count":1,"href":"https:\/\/tourisme-en-champagne.com\/de\/wp-json\/wp\/v2\/pages\/19182\/revisions"}],"predecessor-version":[{"id":19184,"href":"https:\/\/tourisme-en-champagne.com\/de\/wp-json\/wp\/v2\/pages\/19182\/revisions\/19184"}],"up":[{"embeddable":true,"href":"https:\/\/tourisme-en-champagne.com\/de\/wp-json\/wp\/v2\/pages\/21250"}],"wp:featuredmedia":[{"embeddable":true,"href":"https:\/\/tourisme-en-champagne.com\/de\/wp-json\/wp\/v2\/media\/16332"}],"wp:attachment":[{"href":"https:\/\/tourisme-en-champagne.com\/de\/wp-json\/wp\/v2\/media?parent=19182"}],"curies":[{"name":"wp","href":"https:\/\/api.w.org\/{rel}","templated":true}]}}