{"id":19173,"date":"2025-08-05T12:15:38","date_gmt":"2025-08-05T10:15:38","guid":{"rendered":"https:\/\/tourisme-en-champagne.com\/chalons-en-champagne\/"},"modified":"2025-11-28T16:02:30","modified_gmt":"2025-11-28T15:02:30","slug":"chalons-en-champagne","status":"publish","type":"page","link":"https:\/\/tourisme-en-champagne.com\/de\/champagne-convention-office\/chalons-en-champagne\/","title":{"rendered":"Ch\u00e2lons-en-Champagne"},"content":{"rendered":"\n<section class=\"wp-block-group alignfull pattern-text has-global-padding is-content-justification-center is-layout-constrained wp-block-group-is-layout-constrained\">\n<div class=\"wp-block-columns is-layout-flex wp-container-core-columns-is-layout-fdcf44e1 wp-block-columns-is-layout-flex\">\n<div class=\"wp-block-column is-layout-flow wp-block-column-is-layout-flow\">\n<h2 class=\"wp-block-heading\"><strong>IN WENIGEN WORTEN<\/strong><\/h2>\n\n\n\n<hr class=\"wp-block-separator has-text-color has-grey-color has-alpha-channel-opacity has-grey-background-color has-background\"\/>\n\n\n\n<h3 class=\"wp-block-heading\">ALS &#8222;STADT DER KUNST UND GESCHICHTE&#8220; L\u00c4DT CH\u00c2LONS-EN-CHAMPAGNE ZUM FLANIEREN IN SEINEN PARKS UND G\u00c4RTEN EIN, DIE VON ZAHLREICHEN KAN\u00c4LEN DURCHZOGEN SIND.<br\/><\/h3>\n\n\n\n<p class=\"has-text-align-left wp-block-paragraph\"><strong>Ch\u00e2lons-en-Champagne <\/strong>hat ein reiches und vielf\u00e4ltiges nat\u00fcrliches und architektonisches Erbe. Die mittelalterlichen Fachwerkh\u00e4user wurden w\u00e4hrend der Konflikte kaum zerst\u00f6rt und stehen neben klassischen Herrenh\u00e4usern und wundersch\u00f6nen Art Deco- und Jugendstilfassaden. <\/p>\n\n\n\n<div class=\"wp-block-group has-global-padding is-layout-constrained wp-container-core-group-is-layout-1cdd5cfe wp-block-group-is-layout-constrained\">\n<figure class=\"wp-block-embed is-type-video is-provider-youtube wp-block-embed-youtube wp-embed-aspect-16-9 wp-has-aspect-ratio\"><div class=\"wp-block-embed__wrapper\">\n<iframe loading=\"lazy\" title=\"Osez Ch\u00e2lons-en-Champagne\" width=\"500\" height=\"281\" src=\"https:\/\/www.youtube.com\/embed\/36akBL0Jo40?feature=oembed\" frameborder=\"0\" allow=\"accelerometer; autoplay; clipboard-write; encrypted-media; gyroscope; picture-in-picture; web-share\" referrerpolicy=\"strict-origin-when-cross-origin\" allowfullscreen><\/iframe>\n<\/div><\/figure>\n<\/div>\n\n\n\n<p class=\"wp-block-paragraph\">Wenn Ch\u00e2lons als das<strong> spritzige Venedig<\/strong> bezeichnet wird, dann liegt es daran, dass das Wasser \u00fcberall ist, durch die Stadt und das Gr\u00fcn flie\u00dft und unter den Stra\u00dfen und Pl\u00e4tzen verschwindet. Die beste Art, Ch\u00e2lons und sein historisches Zentrum zu entdecken, ist zweifellos, an Bord eines der Boote des Fremdenverkehrsamtes zu gehen und auf den Fl\u00fcssen <g id=\"gid_1\">Mau und Nau<\/g> zu fahren. Tags\u00fcber, um das Kulturerbe aus einem ungew\u00f6hnlichen Blickwinkel zu bewundern, oder nachts, um sich von der Magie der Ton- und Lichtshows von <strong>&#8222;Metamorph&#8217;eau&#8217;ses&#8220;<\/strong> mitrei\u00dfen zu lassen.  <\/p>\n\n\n\n<p class=\"wp-block-paragraph\">Ch\u00e2lons ist eine <strong>dynamische und festliche Stadt<\/strong>, die eine beeindruckende Dynamik im Bereich des kulturellen Angebots zeigt. Von April bis Oktober werden zahlreiche Festivals veranstaltet. Die Stadt besitzt das Ausstellungsgel\u00e4nde <g id=\"gid_1\">&#8222;Le Capitole&#8220;, eine<\/g> qualitativ hochwertige Einrichtung, die alle Arten von Veranstaltungen beherbergen kann. F\u00fcr Treffen im kleineren Kreis stehen auch andere sch\u00f6ne Orte zur Verf\u00fcgung.   <\/p>\n<\/div>\n<\/div>\n<\/section>\n\n<section class=\"wp-block-group alignfull pattern-media-100-full has-background has-global-padding is-layout-constrained wp-container-core-group-is-layout-7cf01583 wp-block-group-is-layout-constrained\" style=\"padding-top:0;padding-right:0;padding-bottom:0;padding-left:0\">\t<div class=\"fsgb-block-slider swiper is-style-fullwidth alignfull\"  >\n\t\t<div class=\"swiper-wrapper\">\n\t\t\t\t\t\t\t\t\t\t\t\t<div class=\"fsgb-block-slider__slide swiper-slide\">\n\t\t\t\t\t\t<img loading=\"lazy\" decoding=\"async\" width=\"400\" height=\"125\" src=\"https:\/\/tourisme-en-champagne.com\/assets\/uploads\/2025\/08\/orfeuil-chalons-en-champagnecteddy-picaude-400x125.jpg\" class=\"attachment-thumbnail size-thumbnail\" alt=\"\" srcset=\"https:\/\/tourisme-en-champagne.com\/assets\/uploads\/2025\/08\/orfeuil-chalons-en-champagnecteddy-picaude-400x125.jpg 400w, https:\/\/tourisme-en-champagne.com\/assets\/uploads\/2025\/08\/orfeuil-chalons-en-champagnecteddy-picaude-640x200.jpg 640w, https:\/\/tourisme-en-champagne.com\/assets\/uploads\/2025\/08\/orfeuil-chalons-en-champagnecteddy-picaude-1280x400.jpg 1280w, https:\/\/tourisme-en-champagne.com\/assets\/uploads\/2025\/08\/orfeuil-chalons-en-champagnecteddy-picaude-768x240.jpg 768w, https:\/\/tourisme-en-champagne.com\/assets\/uploads\/2025\/08\/orfeuil-chalons-en-champagnecteddy-picaude-1536x480.jpg 1536w, https:\/\/tourisme-en-champagne.com\/assets\/uploads\/2025\/08\/orfeuil-chalons-en-champagnecteddy-picaude.jpg 1920w\" sizes=\"auto, (max-width: 400px) 100vw, 400px\" title=\"\">\t\t\t\t\t\t<div class=\"caption\">T. Picaud\u00e9<\/div>\n\t\t\t\t\t\t\t\t\t\t\t\t<strong><\/strong>\n\t\t\t\t\t\t\t\t\t\t\t\t\t\t\t\t\t\t\t\t\t\t\t<\/div>\n\t\t\t\t\t\t\t\t\t\t\t\t\t\t\t\t<div class=\"fsgb-block-slider__slide swiper-slide\">\n\t\t\t\t\t\t<img loading=\"lazy\" decoding=\"async\" width=\"400\" height=\"125\" src=\"https:\/\/tourisme-en-champagne.com\/assets\/uploads\/2025\/08\/marche-couvert-chalons-en-champagnecteddy-picaude-400x125.jpg\" class=\"attachment-thumbnail size-thumbnail\" alt=\"\" srcset=\"https:\/\/tourisme-en-champagne.com\/assets\/uploads\/2025\/08\/marche-couvert-chalons-en-champagnecteddy-picaude-400x125.jpg 400w, https:\/\/tourisme-en-champagne.com\/assets\/uploads\/2025\/08\/marche-couvert-chalons-en-champagnecteddy-picaude-640x200.jpg 640w, https:\/\/tourisme-en-champagne.com\/assets\/uploads\/2025\/08\/marche-couvert-chalons-en-champagnecteddy-picaude-1280x400.jpg 1280w, https:\/\/tourisme-en-champagne.com\/assets\/uploads\/2025\/08\/marche-couvert-chalons-en-champagnecteddy-picaude-768x240.jpg 768w, https:\/\/tourisme-en-champagne.com\/assets\/uploads\/2025\/08\/marche-couvert-chalons-en-champagnecteddy-picaude-1536x480.jpg 1536w, https:\/\/tourisme-en-champagne.com\/assets\/uploads\/2025\/08\/marche-couvert-chalons-en-champagnecteddy-picaude.jpg 1920w\" sizes=\"auto, (max-width: 400px) 100vw, 400px\" title=\"\">\t\t\t\t\t\t<div class=\"caption\">T. Picaud\u00e9<\/div>\n\t\t\t\t\t\t\t\t\t\t\t\t<strong><\/strong>\n\t\t\t\t\t\t\t\t\t\t\t\t\t\t\t\t\t\t\t\t\t\t\t<\/div>\n\t\t\t\t\t\t\t\t\t\t\t\t\t\t\t\t<div class=\"fsgb-block-slider__slide swiper-slide\">\n\t\t\t\t\t\t<img loading=\"lazy\" decoding=\"async\" width=\"400\" height=\"125\" src=\"https:\/\/tourisme-en-champagne.com\/assets\/uploads\/2025\/08\/metamorpheauses-4-c-c-manquillet-coll-adt-marne16-400x125.jpg\" class=\"attachment-thumbnail size-thumbnail\" alt=\"\" srcset=\"https:\/\/tourisme-en-champagne.com\/assets\/uploads\/2025\/08\/metamorpheauses-4-c-c-manquillet-coll-adt-marne16-400x125.jpg 400w, https:\/\/tourisme-en-champagne.com\/assets\/uploads\/2025\/08\/metamorpheauses-4-c-c-manquillet-coll-adt-marne16-640x200.jpg 640w, https:\/\/tourisme-en-champagne.com\/assets\/uploads\/2025\/08\/metamorpheauses-4-c-c-manquillet-coll-adt-marne16-1280x400.jpg 1280w, https:\/\/tourisme-en-champagne.com\/assets\/uploads\/2025\/08\/metamorpheauses-4-c-c-manquillet-coll-adt-marne16-768x240.jpg 768w, https:\/\/tourisme-en-champagne.com\/assets\/uploads\/2025\/08\/metamorpheauses-4-c-c-manquillet-coll-adt-marne16-1536x480.jpg 1536w, https:\/\/tourisme-en-champagne.com\/assets\/uploads\/2025\/08\/metamorpheauses-4-c-c-manquillet-coll-adt-marne16.jpg 1920w\" sizes=\"auto, (max-width: 400px) 100vw, 400px\" title=\"\">\t\t\t\t\t\t<div class=\"caption\">C. Manquillet<\/div>\n\t\t\t\t\t\t\t\t\t\t\t\t<strong><\/strong>\n\t\t\t\t\t\t\t\t\t\t\t\t\t\t\t\t\t\t\t\t\t\t\t<\/div>\n\t\t\t\t\t\t\t\t\t\t\t\t\t\t\t\t<div class=\"fsgb-block-slider__slide swiper-slide\">\n\t\t\t\t\t\t<img loading=\"lazy\" decoding=\"async\" width=\"400\" height=\"125\" src=\"https:\/\/tourisme-en-champagne.com\/assets\/uploads\/2025\/08\/cnac-chalons-en-champagnecteddy-picaude-0-400x125.jpg\" class=\"attachment-thumbnail size-thumbnail\" alt=\"\" srcset=\"https:\/\/tourisme-en-champagne.com\/assets\/uploads\/2025\/08\/cnac-chalons-en-champagnecteddy-picaude-0-400x125.jpg 400w, https:\/\/tourisme-en-champagne.com\/assets\/uploads\/2025\/08\/cnac-chalons-en-champagnecteddy-picaude-0-640x200.jpg 640w, https:\/\/tourisme-en-champagne.com\/assets\/uploads\/2025\/08\/cnac-chalons-en-champagnecteddy-picaude-0-1280x400.jpg 1280w, https:\/\/tourisme-en-champagne.com\/assets\/uploads\/2025\/08\/cnac-chalons-en-champagnecteddy-picaude-0-768x240.jpg 768w, https:\/\/tourisme-en-champagne.com\/assets\/uploads\/2025\/08\/cnac-chalons-en-champagnecteddy-picaude-0-1536x480.jpg 1536w, https:\/\/tourisme-en-champagne.com\/assets\/uploads\/2025\/08\/cnac-chalons-en-champagnecteddy-picaude-0.jpg 1920w\" sizes=\"auto, (max-width: 400px) 100vw, 400px\" title=\"\">\t\t\t\t\t\t<div class=\"caption\">T. Picaud\u00e9<\/div>\n\t\t\t\t\t\t\t\t\t\t\t\t<strong><\/strong>\n\t\t\t\t\t\t\t\t\t\t\t\t\t\t\t\t\t\t\t\t\t\t\t<\/div>\n\t\t\t\t\t\t\t\t\t\t\t\t\t\t\t\t<div class=\"fsgb-block-slider__slide swiper-slide\">\n\t\t\t\t\t\t<img loading=\"lazy\" decoding=\"async\" width=\"400\" height=\"125\" src=\"https:\/\/tourisme-en-champagne.com\/assets\/uploads\/2025\/08\/pont-des-mariniers-chalonsct-picaude-coll-adt-marne-400x125.jpg\" class=\"attachment-thumbnail size-thumbnail\" alt=\"\" srcset=\"https:\/\/tourisme-en-champagne.com\/assets\/uploads\/2025\/08\/pont-des-mariniers-chalonsct-picaude-coll-adt-marne-400x125.jpg 400w, https:\/\/tourisme-en-champagne.com\/assets\/uploads\/2025\/08\/pont-des-mariniers-chalonsct-picaude-coll-adt-marne-640x200.jpg 640w, https:\/\/tourisme-en-champagne.com\/assets\/uploads\/2025\/08\/pont-des-mariniers-chalonsct-picaude-coll-adt-marne-1280x400.jpg 1280w, https:\/\/tourisme-en-champagne.com\/assets\/uploads\/2025\/08\/pont-des-mariniers-chalonsct-picaude-coll-adt-marne-768x240.jpg 768w, https:\/\/tourisme-en-champagne.com\/assets\/uploads\/2025\/08\/pont-des-mariniers-chalonsct-picaude-coll-adt-marne-1536x480.jpg 1536w, https:\/\/tourisme-en-champagne.com\/assets\/uploads\/2025\/08\/pont-des-mariniers-chalonsct-picaude-coll-adt-marne.jpg 1920w\" sizes=\"auto, (max-width: 400px) 100vw, 400px\" title=\"\">\t\t\t\t\t\t<div class=\"caption\">T. Picaud\u00e9<\/div>\n\t\t\t\t\t\t\t\t\t\t\t\t<strong><\/strong>\n\t\t\t\t\t\t\t\t\t\t\t\t\t\t\t\t\t\t\t\t\t\t\t<\/div>\n\t\t\t\t\t\t\t\t\t\t\t\t\t\t\t\t<div class=\"fsgb-block-slider__slide swiper-slide\">\n\t\t\t\t\t\t<img loading=\"lazy\" decoding=\"async\" width=\"400\" height=\"125\" src=\"https:\/\/tourisme-en-champagne.com\/assets\/uploads\/2025\/08\/conseil-departementacm-boudot-coll-adt-marne-400x125.jpg\" class=\"attachment-thumbnail size-thumbnail\" alt=\"\" srcset=\"https:\/\/tourisme-en-champagne.com\/assets\/uploads\/2025\/08\/conseil-departementacm-boudot-coll-adt-marne-400x125.jpg 400w, https:\/\/tourisme-en-champagne.com\/assets\/uploads\/2025\/08\/conseil-departementacm-boudot-coll-adt-marne-640x200.jpg 640w, https:\/\/tourisme-en-champagne.com\/assets\/uploads\/2025\/08\/conseil-departementacm-boudot-coll-adt-marne-1280x400.jpg 1280w, https:\/\/tourisme-en-champagne.com\/assets\/uploads\/2025\/08\/conseil-departementacm-boudot-coll-adt-marne-768x240.jpg 768w, https:\/\/tourisme-en-champagne.com\/assets\/uploads\/2025\/08\/conseil-departementacm-boudot-coll-adt-marne-1536x480.jpg 1536w, https:\/\/tourisme-en-champagne.com\/assets\/uploads\/2025\/08\/conseil-departementacm-boudot-coll-adt-marne.jpg 1920w\" sizes=\"auto, (max-width: 400px) 100vw, 400px\" title=\"\">\t\t\t\t\t\t<div class=\"caption\">www.mkb.photos<\/div>\n\t\t\t\t\t\t\t\t\t\t\t\t<strong><\/strong>\n\t\t\t\t\t\t\t\t\t\t\t\t\t\t\t\t\t\t\t\t\t\t\t<\/div>\n\t\t\t\t\t\t\t\t\t<\/div>\n\t\t<div class=\"swiper-pagination\"><\/div>\n\t<\/div>\n\n<\/section>\n\n<section class=\"wp-block-group alignfull pattern-text-33-media-66 has-base-color has-brown-background-color has-text-color has-background has-link-color wp-elements-4399840872822c3d2f3abe4fffb7708a has-global-padding is-layout-constrained wp-block-group-is-layout-constrained\">\n<div class=\"wp-block-columns is-layout-flex wp-container-core-columns-is-layout-63fbf5b9 wp-block-columns-is-layout-flex\">\n<div class=\"wp-block-column col-media is-layout-flow wp-block-column-is-layout-flow\" style=\"flex-basis:66.66%\">\n<figure class=\"wp-block-image size-full\"><img loading=\"lazy\" decoding=\"async\" width=\"485\" height=\"600\" src=\"https:\/\/tourisme-en-champagne.com\/assets\/uploads\/2025\/08\/capitole-visuel-maquette.jpg\" alt=\"Das Capitol in der Champagne - Modell\" class=\"wp-image-16289\" title=\"\" srcset=\"https:\/\/tourisme-en-champagne.com\/assets\/uploads\/2025\/08\/capitole-visuel-maquette.jpg 485w, https:\/\/tourisme-en-champagne.com\/assets\/uploads\/2025\/08\/capitole-visuel-maquette-400x495.jpg 400w\" sizes=\"auto, (max-width: 485px) 100vw, 485px\" \/><\/figure>\n<\/div>\n\n\n\n<div class=\"wp-block-column col-content is-layout-flow wp-block-column-is-layout-flow\" style=\"flex-basis:50%\">\n<h2 class=\"wp-block-heading has-grey-color has-text-color has-link-color wp-elements-8e61098daeb48e9d3661f76500c3fe39\"><strong>Hotels, Einrichtungen, Zugang<\/strong><\/h2>\n\n\n\n<hr class=\"wp-block-separator has-text-color has-grey-color has-alpha-channel-opacity has-grey-background-color has-background\"\/>\n\n\n\n<h3 class=\"wp-block-heading\">Die Stadt Ch\u00e2lons-en-Champagne hat eine Hotelkapazit\u00e4t von 700 Zimmern, die von 1 bis 4 Sternen reichen.<\/h3>\n\n\n\n<div class=\"wp-block-buttons is-layout-flex wp-block-buttons-is-layout-flex\">\n<div class=\"wp-block-button\"><a class=\"wp-block-button__link has-grey-color has-base-background-color has-text-color has-background has-link-color wp-element-button\" href=\"https:\/\/tourisme-en-champagne.com\/de\/champagne-convention-office\/die-unterkuenfte\/?_commune=chalons-en-champagne\" target=\"_blank\" rel=\"noreferrer noopener\">Weitere Informationen<\/a><\/div>\n<\/div>\n\n\n\n<h3 class=\"wp-block-heading\">Das Kapitol<\/h3>\n\n\n\n<p class=\"wp-block-paragraph\"><strong><em>So gro\u00df wie vielseitig<\/em><\/strong><\/p>\n\n\n\n<p class=\"wp-block-paragraph\">Auf einem Gel\u00e4nde von 90.000 m\u00b2 verf\u00fcgt dieses gro\u00dfe Messegel\u00e4nde \u00fcber 4 Hallen von 2.200 m\u00b2 bis 6.200 m\u00b2, darunter ein Veranstaltungssaal mit 2.700 Sitzpl\u00e4tzen. Der Kongress- und Seminarbereich bietet 5 bis 9 modulierbare R\u00e4ume und einen gro\u00dfen Saal f\u00fcr 800 Sitzpl\u00e4tze. Gastronomiebereich, 1.500 Parkpl\u00e4tze.  <\/p>\n\n\n\n<div class=\"wp-block-buttons is-layout-flex wp-block-buttons-is-layout-flex\">\n<div class=\"wp-block-button\"><a class=\"wp-block-button__link has-grey-color has-base-background-color has-text-color has-background has-link-color wp-element-button\">Die anderen R\u00e4ume<\/a><\/div>\n<\/div>\n<\/div>\n<\/div>\n<\/section>\n\n<section class=\"wp-block-group alignfull pattern-text has-base-color has-brown-background-color has-text-color has-background has-link-color wp-elements-5745f3f364d1aa3d0a0cf4ef55476d77 has-global-padding is-content-justification-center is-layout-constrained wp-block-group-is-layout-constrained\" style=\"padding-top:0\">\n<div class=\"wp-block-columns is-layout-flex wp-container-core-columns-is-layout-fdcf44e1 wp-block-columns-is-layout-flex\">\n<div class=\"wp-block-column is-layout-flow wp-block-column-is-layout-flow\">\n<h3 class=\"wp-block-heading\"><strong>Zugang<\/strong><\/h3>\n\n\n\n<ul class=\"wp-block-list\">\n<li>1 SNCF-Bahnhof: TGV-Linie von Paris (1 Stunde)<\/li>\n\n\n\n<li>190 km von Paris \u00fcber die Autobahn A4 (2 Stunden)<\/li>\n\n\n\n<li>180km von Paris \u00fcber die Nationale 4 (2h20)<\/li>\n<\/ul>\n<\/div>\n<\/div>\n<\/section>\n\n<section class=\"wp-block-group alignfull pattern-text-50-media-50 has-global-padding is-layout-constrained wp-block-group-is-layout-constrained\">\n<div class=\"wp-block-columns is-layout-flex wp-container-core-columns-is-layout-63fbf5b9 wp-block-columns-is-layout-flex\">\n<div class=\"wp-block-column is-layout-flow wp-block-column-is-layout-flow\">\n<h2 class=\"wp-block-heading\"><strong>ZU SEHEN, ZU TUN<\/strong><\/h2>\n\n\n\n<hr class=\"wp-block-separator has-text-color has-grey-color has-alpha-channel-opacity has-grey-background-color has-background\"\/>\n\n\n\n<h3 class=\"wp-block-heading\">In der Stadt und Umgebung zu entdecken<\/h3>\n\n\n\n<ul class=\"wp-block-list has-grey-color has-text-color has-link-color wp-elements-0f9c06cf26481d260ea7fcc9728c90e5\">\n<li>Die Stiftskirche Notre Dame en Vaux und die Basilika Notre Dame de l&#8217;Epine, die beide zum UNESCO-Weltkulturerbe geh\u00f6ren.<\/li>\n\n\n\n<li>Les Jards mit 10 Hektar Gr\u00fcnfl\u00e4che<\/li>\n\n\n\n<li>Die Fachwerkh\u00e4user<\/li>\n\n\n\n<li>Das 1825 gegr\u00fcndete Champagnerhaus Joseph Perrier<\/li>\n\n\n\n<li>Die mittelalterlichen Weinkeller w\u00e4hrend einer Champagnerprobe.<\/li>\n<\/ul>\n\n\n\n<h3 class=\"wp-block-heading\">Ein absolutes Muss f\u00fcr Incentives oder Teambuilding<\/h3>\n\n\n\n<ul class=\"wp-block-list\">\n<li>Eine Bootsfahrt mit Verkostung von Produkten aus der Region<\/li>\n\n\n\n<li>Ein Abendessen mit Wein und Speisen im Champagnerhaus Jospeh Perrier<\/li>\n\n\n\n<li>Eine Kanufahrt auf der Marne<\/li>\n\n\n\n<li>Thematische Stadtf\u00fchrung<\/li>\n<\/ul>\n<\/div>\n\n\n\n<div class=\"wp-block-column is-layout-flow wp-block-column-is-layout-flow\">\n<figure class=\"wp-block-image size-full\"><img loading=\"lazy\" decoding=\"async\" width=\"485\" height=\"500\" src=\"https:\/\/tourisme-en-champagne.com\/assets\/uploads\/2025\/08\/caves-medievales-chalonscot-chalons-1-1.jpg\" alt=\"Mittelalterliche Weinkeller - Ch&#xE2;lons-en-Champagne &#xA9; OT Ch&#xE2;lons-en-Champagne\" class=\"wp-image-16294\" title=\"\" srcset=\"https:\/\/tourisme-en-champagne.com\/assets\/uploads\/2025\/08\/caves-medievales-chalonscot-chalons-1-1.jpg 485w, https:\/\/tourisme-en-champagne.com\/assets\/uploads\/2025\/08\/caves-medievales-chalonscot-chalons-1-1-400x412.jpg 400w\" sizes=\"auto, (max-width: 485px) 100vw, 485px\" \/><\/figure>\n<\/div>\n<\/div>\n<\/section>\n\n<section class=\"wp-block-group alignfull pattern-media-100-full has-background has-global-padding is-layout-constrained wp-container-core-group-is-layout-7cf01583 wp-block-group-is-layout-constrained\" style=\"padding-top:0;padding-right:0;padding-bottom:0;padding-left:0\">\t<div class=\"fsgb-block-slider swiper is-style-fullwidth alignfull\"  >\n\t\t<div class=\"swiper-wrapper\">\n\t\t\t\t\t\t\t\t\t\t\t\t<div class=\"fsgb-block-slider__slide swiper-slide\">\n\t\t\t\t\t\t<img loading=\"lazy\" decoding=\"async\" width=\"400\" height=\"125\" src=\"https:\/\/tourisme-en-champagne.com\/assets\/uploads\/2025\/08\/metamorpheauses-4-c-c-manquillet-coll-adt-marne16-1-400x125.jpg\" class=\"attachment-thumbnail size-thumbnail\" alt=\"\" srcset=\"https:\/\/tourisme-en-champagne.com\/assets\/uploads\/2025\/08\/metamorpheauses-4-c-c-manquillet-coll-adt-marne16-1-400x125.jpg 400w, https:\/\/tourisme-en-champagne.com\/assets\/uploads\/2025\/08\/metamorpheauses-4-c-c-manquillet-coll-adt-marne16-1-640x200.jpg 640w, https:\/\/tourisme-en-champagne.com\/assets\/uploads\/2025\/08\/metamorpheauses-4-c-c-manquillet-coll-adt-marne16-1-1280x400.jpg 1280w, https:\/\/tourisme-en-champagne.com\/assets\/uploads\/2025\/08\/metamorpheauses-4-c-c-manquillet-coll-adt-marne16-1-768x240.jpg 768w, https:\/\/tourisme-en-champagne.com\/assets\/uploads\/2025\/08\/metamorpheauses-4-c-c-manquillet-coll-adt-marne16-1-1536x480.jpg 1536w, https:\/\/tourisme-en-champagne.com\/assets\/uploads\/2025\/08\/metamorpheauses-4-c-c-manquillet-coll-adt-marne16-1.jpg 1920w\" sizes=\"auto, (max-width: 400px) 100vw, 400px\" title=\"\">\t\t\t\t\t\t<div class=\"caption\">C. Manquillet<\/div>\n\t\t\t\t\t\t\t\t\t\t\t\t<strong><\/strong>\n\t\t\t\t\t\t\t\t\t\t\t\t\t\t\t\t\t\t\t\t\t\t\t<\/div>\n\t\t\t\t\t\t\t\t\t<\/div>\n\t\t<div class=\"swiper-pagination\"><\/div>\n\t<\/div>\n\n<\/section>\n\n<section class=\"wp-block-group alignfull pattern-text has-middleground-background-color has-background has-global-padding is-content-justification-center is-layout-constrained wp-block-group-is-layout-constrained\">\n<div class=\"wp-block-columns is-layout-flex wp-container-core-columns-is-layout-fdcf44e1 wp-block-columns-is-layout-flex\">\n<div class=\"wp-block-column is-layout-flow wp-block-column-is-layout-flow\">\n<h2 class=\"wp-block-heading\"><strong>Ihre Kontakte  <\/strong><\/h2>\n\n\n\n<hr class=\"wp-block-separator has-text-color has-grey-color has-alpha-channel-opacity has-grey-background-color has-background\"\/>\n\n\n\n<ul class=\"wp-block-list\">\n<li><strong>FREMDENVERKEHRSAMT VON CH\u00c2LONS-EN-CHAMPAGNE<\/strong><\/li>\n\n\n\n<li><strong>3 QUAI DES ARTS &#8211; 51000 CHALONS-EN-CHAMPAGNE &#8211; 03 26 65 17 89 &#8211; <a href=\"http:\/\/www.chalons-tourisme.com\/\" target=\"_blank\" rel=\"noreferrer noopener\">WWW.CHALONS-TOURISME.COM<\/a><\/strong><\/li>\n<\/ul>\n<\/div>\n<\/div>\n<\/section>\n\n<section class=\"wp-block-group alignfull pattern-text-50-media-50 has-global-padding is-layout-constrained wp-block-group-is-layout-constrained\">\n<div class=\"wp-block-columns is-layout-flex wp-container-core-columns-is-layout-63fbf5b9 wp-block-columns-is-layout-flex\">\n<div class=\"wp-block-column is-layout-flow wp-block-column-is-layout-flow\">\n<figure class=\"wp-block-image size-full\"><img loading=\"lazy\" decoding=\"async\" width=\"485\" height=\"186\" src=\"https:\/\/tourisme-en-champagne.com\/assets\/uploads\/2025\/08\/ccb-espace-1.png\" alt=\"Logo Champagne Convention Bureau\" class=\"wp-image-15778\" title=\"\" srcset=\"https:\/\/tourisme-en-champagne.com\/assets\/uploads\/2025\/08\/ccb-espace-1.png 485w, https:\/\/tourisme-en-champagne.com\/assets\/uploads\/2025\/08\/ccb-espace-1-400x153.png 400w\" sizes=\"auto, (max-width: 485px) 100vw, 485px\" \/><\/figure>\n<\/div>\n\n\n\n<div class=\"wp-block-column is-layout-flow wp-block-column-is-layout-flow\">\n<h2 class=\"wp-block-heading\"><strong>Ihr idealer Partner<\/strong><\/h2>\n\n\n\n<hr class=\"wp-block-separator has-text-color has-grey-color has-alpha-channel-opacity has-grey-background-color has-background\"\/>\n\n\n\n<p class=\"wp-block-paragraph\"><strong>Sylvie Millot<\/strong> &#8211; <a href=\"mailto:info@champagne-convention-bureau.com\">info@champagne-convention-bureau.com<\/a><br\/>Tel. +33 (0)3 26 69 81 88 &#8211; Mobil: +33 (0)6 34 17 39 07<br\/>13 bis rue Carnot &#8211; CS 50074 &#8211; 51006 Ch\u00e2lons-en-Champagne Cedex <\/p>\n<\/div>\n<\/div>\n<\/section>\n","protected":false},"excerpt":{"rendered":"<p>IN WENIGEN WORTEN ALS &#8222;STADT DER KUNST UND GESCHICHTE&#8220; L\u00c4DT CH\u00c2LONS-EN-CHAMPAGNE ZUM FLANIEREN IN SEINEN PARKS UND G\u00c4RTEN EIN, DIE VON ZAHLREICHEN KAN\u00c4LEN DURCHZOGEN SIND. Ch\u00e2lons-en-Champagne hat ein reiches und vielf\u00e4ltiges nat\u00fcrliches und architektonisches Erbe. Die mittelalterlichen Fachwerkh\u00e4user wurden w\u00e4hrend der Konflikte kaum zerst\u00f6rt und stehen neben klassischen Herrenh\u00e4usern und wundersch\u00f6nen Art Deco- und Jugendstilfassaden. [&hellip;]<\/p>\n","protected":false},"author":2,"featured_media":13038,"parent":21108,"menu_order":0,"comment_status":"closed","ping_status":"closed","template":"templates\/editorial-content.php","meta":{"_acf_changed":false,"footnotes":"","_links_to":"","_links_to_target":""},"class_list":["post-19173","page","type-page","status-publish","has-post-thumbnail","hentry"],"acf":[],"_links":{"self":[{"href":"https:\/\/tourisme-en-champagne.com\/de\/wp-json\/wp\/v2\/pages\/19173","targetHints":{"allow":["GET"]}}],"collection":[{"href":"https:\/\/tourisme-en-champagne.com\/de\/wp-json\/wp\/v2\/pages"}],"about":[{"href":"https:\/\/tourisme-en-champagne.com\/de\/wp-json\/wp\/v2\/types\/page"}],"author":[{"embeddable":true,"href":"https:\/\/tourisme-en-champagne.com\/de\/wp-json\/wp\/v2\/users\/2"}],"replies":[{"embeddable":true,"href":"https:\/\/tourisme-en-champagne.com\/de\/wp-json\/wp\/v2\/comments?post=19173"}],"version-history":[{"count":3,"href":"https:\/\/tourisme-en-champagne.com\/de\/wp-json\/wp\/v2\/pages\/19173\/revisions"}],"predecessor-version":[{"id":21155,"href":"https:\/\/tourisme-en-champagne.com\/de\/wp-json\/wp\/v2\/pages\/19173\/revisions\/21155"}],"up":[{"embeddable":true,"href":"https:\/\/tourisme-en-champagne.com\/de\/wp-json\/wp\/v2\/pages\/21108"}],"wp:featuredmedia":[{"embeddable":true,"href":"https:\/\/tourisme-en-champagne.com\/de\/wp-json\/wp\/v2\/media\/13038"}],"wp:attachment":[{"href":"https:\/\/tourisme-en-champagne.com\/de\/wp-json\/wp\/v2\/media?parent=19173"}],"curies":[{"name":"wp","href":"https:\/\/api.w.org\/{rel}","templated":true}]}}